{"id":816,"date":"2020-04-25T11:51:27","date_gmt":"2020-04-25T11:51:27","guid":{"rendered":"https:\/\/clunyportugal.com\/ppsjc\/?page_id=816"},"modified":"2020-04-25T13:26:31","modified_gmt":"2020-04-25T13:26:31","slug":"atividades-apostolicas","status":"publish","type":"page","link":"https:\/\/clunyportugal.com\/ppsjc\/atividades-apostolicas\/","title":{"rendered":"Atividades Apost\u00f3licas"},"content":{"rendered":"\n<p class=\"has-large-font-size\"><strong>Pastoral Juvenil Vocacional<\/strong><\/p>\n\n\n\n<p>Equipa respons\u00e1vel pela Pastoral Juvenil<\/p>\n\n\n\n<figure class=\"wp-block-image size-large\"><img loading=\"lazy\" decoding=\"async\" width=\"1024\" height=\"768\" src=\"https:\/\/clunyportugal.com\/ppsjc\/wp-content\/uploads\/2020\/04\/equipa_pastoral_juvenil-1-1024x768.png\" alt=\"\" class=\"wp-image-794\" srcset=\"https:\/\/clunyportugal.com\/ppsjc\/wp-content\/uploads\/2020\/04\/equipa_pastoral_juvenil-1-1024x768.png 1024w, https:\/\/clunyportugal.com\/ppsjc\/wp-content\/uploads\/2020\/04\/equipa_pastoral_juvenil-1-300x225.png 300w, https:\/\/clunyportugal.com\/ppsjc\/wp-content\/uploads\/2020\/04\/equipa_pastoral_juvenil-1-768x576.png 768w, https:\/\/clunyportugal.com\/ppsjc\/wp-content\/uploads\/2020\/04\/equipa_pastoral_juvenil-1-380x285.png 380w, https:\/\/clunyportugal.com\/ppsjc\/wp-content\/uploads\/2020\/04\/equipa_pastoral_juvenil-1-285x214.png 285w, https:\/\/clunyportugal.com\/ppsjc\/wp-content\/uploads\/2020\/04\/equipa_pastoral_juvenil-1.png 1200w\" sizes=\"auto, (max-width: 1024px) 100vw, 1024px\" \/><\/figure>\n\n\n\n<p>Jovens Cluny<\/p>\n\n\n\n<figure class=\"wp-block-gallery columns-1 is-cropped wp-block-gallery-1 is-layout-flex wp-block-gallery-is-layout-flex\"><ul class=\"blocks-gallery-grid\"><li class=\"blocks-gallery-item\"><figure><img loading=\"lazy\" decoding=\"async\" width=\"1024\" height=\"768\" src=\"https:\/\/clunyportugal.com\/ppsjc\/wp-content\/uploads\/2020\/04\/jovens_cluny_2-1-1024x768.png\" alt=\"\" data-id=\"795\" data-full-url=\"https:\/\/clunyportugal.com\/ppsjc\/wp-content\/uploads\/2020\/04\/jovens_cluny_2-1.png\" data-link=\"https:\/\/clunyportugal.com\/ppsjc\/pastoral-juvenil-vocacional\/jovens_cluny_2-1\/#main\" class=\"wp-image-795\" srcset=\"https:\/\/clunyportugal.com\/ppsjc\/wp-content\/uploads\/2020\/04\/jovens_cluny_2-1-1024x768.png 1024w, https:\/\/clunyportugal.com\/ppsjc\/wp-content\/uploads\/2020\/04\/jovens_cluny_2-1-300x225.png 300w, https:\/\/clunyportugal.com\/ppsjc\/wp-content\/uploads\/2020\/04\/jovens_cluny_2-1-768x576.png 768w, https:\/\/clunyportugal.com\/ppsjc\/wp-content\/uploads\/2020\/04\/jovens_cluny_2-1-380x285.png 380w, https:\/\/clunyportugal.com\/ppsjc\/wp-content\/uploads\/2020\/04\/jovens_cluny_2-1-285x214.png 285w, https:\/\/clunyportugal.com\/ppsjc\/wp-content\/uploads\/2020\/04\/jovens_cluny_2-1.png 1200w\" sizes=\"auto, (max-width: 1024px) 100vw, 1024px\" \/><\/figure><\/li><li class=\"blocks-gallery-item\"><figure><img loading=\"lazy\" decoding=\"async\" width=\"1024\" height=\"768\" src=\"https:\/\/clunyportugal.com\/ppsjc\/wp-content\/uploads\/2020\/04\/jovens_cluny-1-1024x768.png\" alt=\"\" data-id=\"796\" data-full-url=\"https:\/\/clunyportugal.com\/ppsjc\/wp-content\/uploads\/2020\/04\/jovens_cluny-1.png\" data-link=\"https:\/\/clunyportugal.com\/ppsjc\/pastoral-juvenil-vocacional\/jovens_cluny-1\/#main\" class=\"wp-image-796\" srcset=\"https:\/\/clunyportugal.com\/ppsjc\/wp-content\/uploads\/2020\/04\/jovens_cluny-1-1024x768.png 1024w, https:\/\/clunyportugal.com\/ppsjc\/wp-content\/uploads\/2020\/04\/jovens_cluny-1-300x225.png 300w, https:\/\/clunyportugal.com\/ppsjc\/wp-content\/uploads\/2020\/04\/jovens_cluny-1-768x576.png 768w, https:\/\/clunyportugal.com\/ppsjc\/wp-content\/uploads\/2020\/04\/jovens_cluny-1-380x285.png 380w, https:\/\/clunyportugal.com\/ppsjc\/wp-content\/uploads\/2020\/04\/jovens_cluny-1-285x214.png 285w, https:\/\/clunyportugal.com\/ppsjc\/wp-content\/uploads\/2020\/04\/jovens_cluny-1.png 1200w\" sizes=\"auto, (max-width: 1024px) 100vw, 1024px\" \/><\/figure><\/li><\/ul><figcaption class=\"blocks-gallery-caption\">jovens Cluny<\/figcaption><\/figure>\n\n\n\n<p class=\"has-large-font-size\"><strong>Ecologia<\/strong><\/p>\n\n\n\n<div class=\"wp-block-image\"><figure class=\"aligncenter size-large\"><img loading=\"lazy\" decoding=\"async\" width=\"470\" height=\"611\" src=\"https:\/\/clunyportugal.com\/ppsjc\/wp-content\/uploads\/2020\/04\/carta-enciclica-laudato-si.jpg\" alt=\"\" class=\"wp-image-818\" srcset=\"https:\/\/clunyportugal.com\/ppsjc\/wp-content\/uploads\/2020\/04\/carta-enciclica-laudato-si.jpg 470w, https:\/\/clunyportugal.com\/ppsjc\/wp-content\/uploads\/2020\/04\/carta-enciclica-laudato-si-231x300.jpg 231w\" sizes=\"auto, (max-width: 470px) 100vw, 470px\" \/><\/figure><\/div>\n\n\n\n<p>\u00ab<em>LAUDATO SI\u2019, mi\u2019 Signore\u00a0<\/em>\u2013 Louvado sejas, meu Senhor\u00bb, cantava S\u00e3o Francisco de Assis. Neste gracioso c\u00e2ntico, recordava-nos que a nossa casa comum se pode comparar ora a uma irm\u00e3, com quem partilhamos a exist\u00eancia, ora a uma boa m\u00e3e, que nos acolhe nos seus bra\u00e7os: \u00abLouvado sejas, meu Senhor, pela nossa irm\u00e3, a m\u00e3e terra, que nos sustenta e governa e produz variados frutos com flores coloridas e verduras\u00bb<\/p>\n\n\n\n<p><a href=\"http:\/\/www.vatican.va\/content\/francesco\/pt\/encyclicals\/documents\/papa-francesco_20150524_enciclica-laudato-si.html\" target=\"_blank\" rel=\"noreferrer noopener\">Laudato Si<\/a><\/p>\n\n\n\n<figure class=\"wp-block-image size-large\"><img loading=\"lazy\" decoding=\"async\" width=\"1024\" height=\"767\" src=\"https:\/\/clunyportugal.com\/ppsjc\/wp-content\/uploads\/2020\/04\/ecologia_cluny-1024x767.png\" alt=\"\" class=\"wp-image-822\" srcset=\"https:\/\/clunyportugal.com\/ppsjc\/wp-content\/uploads\/2020\/04\/ecologia_cluny-1024x767.png 1024w, https:\/\/clunyportugal.com\/ppsjc\/wp-content\/uploads\/2020\/04\/ecologia_cluny-300x225.png 300w, https:\/\/clunyportugal.com\/ppsjc\/wp-content\/uploads\/2020\/04\/ecologia_cluny-768x575.png 768w, https:\/\/clunyportugal.com\/ppsjc\/wp-content\/uploads\/2020\/04\/ecologia_cluny-380x285.png 380w, https:\/\/clunyportugal.com\/ppsjc\/wp-content\/uploads\/2020\/04\/ecologia_cluny-285x214.png 285w, https:\/\/clunyportugal.com\/ppsjc\/wp-content\/uploads\/2020\/04\/ecologia_cluny.png 1106w\" sizes=\"auto, (max-width: 1024px) 100vw, 1024px\" \/><\/figure>\n\n\n\n<p class=\"has-large-font-size\"><strong>CIRP<\/strong><\/p>\n\n\n\n<p>A CIRP est\u00e1 organizada em estruturas a n\u00edvel nacional e local.<br>A n\u00edvel nacional, tem os seguintes organismos: como \u00f3rg\u00e3os de governo, a Assembleia Geral, a Direc\u00e7\u00e3o e o Conselho Fiscal; como \u00f3rg\u00e3os que colaboram e apoiam os \u00f3rg\u00e3os de governo, o Secretariado Geral e as Comiss\u00f5es Nacionais.<\/p>\n\n\n\n<div class=\"wp-block-image\"><figure class=\"aligncenter size-large is-resized\"><img loading=\"lazy\" decoding=\"async\" src=\"https:\/\/clunyportugal.com\/ppsjc\/wp-content\/uploads\/2020\/04\/unnamed.jpg\" alt=\"\" class=\"wp-image-823\" width=\"322\" height=\"206\" srcset=\"https:\/\/clunyportugal.com\/ppsjc\/wp-content\/uploads\/2020\/04\/unnamed.jpg 448w, https:\/\/clunyportugal.com\/ppsjc\/wp-content\/uploads\/2020\/04\/unnamed-300x192.jpg 300w\" sizes=\"auto, (max-width: 322px) 100vw, 322px\" \/><\/figure><\/div>\n\n\n\n<p><a href=\"http:\/\/cirp.pt\/site\/category\/missao\/\">Miss\u00e3o<\/a><\/p>\n\n\n\n<p><strong>Apontar para o C\u00e9u e humanizar a Terra<\/strong>, ao jeito de Jesus Cristo, pobre, obediente e casto, na peugada dos nossos fundadores\/as;<br><strong>Irradiar a alegria da nossa consagra\u00e7\u00e3o a Deus e dedica\u00e7\u00e3o ao pr\u00f3ximo<\/strong>;<br>Intensificar a\u00a0<strong>coopera\u00e7\u00e3o m\u00fatua e\u00a0<\/strong>o trabalho\u00a0<strong>em rede<\/strong>;<br>Abra\u00e7ar a\u00a0<strong>evangeliza\u00e7\u00e3o<\/strong>\u00a0nas \u201cperiferias\u201d existenciais e culturais, num compromisso\u00a0<strong>eclesial e prof\u00e9tico<\/strong>, anunciando os valores do Evangelho, denunciando o que atenta contra a Humanidade, bem comum, paz, fam\u00edlia, vida e\u00a0<strong>caminhando com as pessoas<\/strong>.\u00a0<\/p>\n\n\n\n<p class=\"has-large-font-size\"><strong>IMAG e ANIMAG<\/strong><\/p>\n\n\n\n<p>Anima\u00e7\u00e3o Mission\u00e1ria Ad Gentes &#8211; Juntos podemos mudar o mundo.<\/p>\n\n\n\n<p><a rel=\"noreferrer noopener\" href=\"http:\/\/animagpt.blogspot.com\/\" target=\"_blank\">Consulte-nos aqui<\/a><\/p>\n\n\n\n<figure class=\"wp-block-image size-large\"><img loading=\"lazy\" decoding=\"async\" width=\"1024\" height=\"372\" src=\"https:\/\/clunyportugal.com\/ppsjc\/wp-content\/uploads\/2020\/04\/imag-1024x372.png\" alt=\"\" class=\"wp-image-824\" srcset=\"https:\/\/clunyportugal.com\/ppsjc\/wp-content\/uploads\/2020\/04\/imag-1024x372.png 1024w, https:\/\/clunyportugal.com\/ppsjc\/wp-content\/uploads\/2020\/04\/imag-300x109.png 300w, https:\/\/clunyportugal.com\/ppsjc\/wp-content\/uploads\/2020\/04\/imag-768x279.png 768w, https:\/\/clunyportugal.com\/ppsjc\/wp-content\/uploads\/2020\/04\/imag.png 1122w\" sizes=\"auto, (max-width: 1024px) 100vw, 1024px\" \/><\/figure>\n\n\n\n<p class=\"has-large-font-size\"><strong>PAR<\/strong><\/p>\n\n\n\n<p><a href=\"https:\/\/www.refugiados.pt\/a-par\/\" target=\"_blank\" rel=\"noreferrer noopener\">Consulte-nos aqui<\/a><\/p>\n\n\n\n<figure class=\"wp-block-image size-large\"><img loading=\"lazy\" decoding=\"async\" width=\"698\" height=\"496\" src=\"https:\/\/clunyportugal.com\/ppsjc\/wp-content\/uploads\/2020\/04\/PAR.png\" alt=\"\" class=\"wp-image-825\" srcset=\"https:\/\/clunyportugal.com\/ppsjc\/wp-content\/uploads\/2020\/04\/PAR.png 698w, https:\/\/clunyportugal.com\/ppsjc\/wp-content\/uploads\/2020\/04\/PAR-300x213.png 300w\" sizes=\"auto, (max-width: 698px) 100vw, 698px\" \/><\/figure>\n\n\n\n<h6 class=\"wp-block-heading\">A PAR \u00e9 uma plataforma de organiza\u00e7\u00f5es da sociedade civil portuguesa para apoiar os refugiados.<\/h6>\n\n\n\n<p><strong>A Plataforma de Apoio aos Refugiados nasceu da lideran\u00e7a e iniciativa da sociedade civil para dar uma resposta concertada \u00e0 atual crise mundial de refugiados.<\/strong><\/p>\n\n\n\n<p>Face \u00e0 urg\u00eancia de interven\u00e7\u00e3o desde o ver\u00e3o de 2015, mais de 350 organiza\u00e7\u00f5es portuguesas decidiram cooperar para dar resposta \u00e0s necessidades dos refugiados dentro de portas, na Europa e nos pa\u00edses mais afetados por esta crise humanit\u00e1ria mundial.<\/p>\n\n\n\n<p><strong>O Parlamento Europeu atribuiu \u00e0 PAR o \u00abPr\u00e9mio do Cidad\u00e3o Europeu 2017\u00bb, como reconhecimento enquanto organiza\u00e7\u00e3o que promove a integra\u00e7\u00e3o europeia e a compreens\u00e3o entre os povos.<\/strong><\/p>\n\n\n\n<p>A Plataforma criou tr\u00eas grandes eixos de atua\u00e7\u00e3o: PAR Fam\u00edlias, PAR Linha da Frente e PAR Sensibiliza\u00e7\u00e3o da Opini\u00e3o P\u00fablica. Atrav\u00e9s dos seus volunt\u00e1rios, membros, institui\u00e7\u00f5es de acolhimento e apoio dos cidad\u00e3os, a PAR demonstra que a Sociedade Civil portuguesa \u00e9 capaz de se mobilizar e responder aos maiores desafios do nosso tempo, como a crise dos refugiados.<\/p>\n","protected":false},"excerpt":{"rendered":"<p>Pastoral Juvenil Vocacional Equipa respons\u00e1vel pela Pastoral Juvenil Jovens Cluny Ecologia \u00abLAUDATO SI\u2019, mi\u2019 Signore\u00a0\u2013 Louvado sejas, meu Senhor\u00bb, cantava S\u00e3o Francisco de Assis. Neste gracioso c\u00e2ntico, recordava-nos que a nossa casa comum se pode comparar ora a uma irm\u00e3, com quem partilhamos a exist\u00eancia, ora a uma boa m\u00e3e, que nos acolhe nos seus [&hellip;]<\/p>\n<p class=\"more-link\"><a href=\"https:\/\/clunyportugal.com\/ppsjc\/atividades-apostolicas\/\"  class=\"themebutton\">Read More<\/a><\/p>\n","protected":false},"author":1,"featured_media":818,"parent":0,"menu_order":0,"comment_status":"closed","ping_status":"closed","template":"","meta":{"footnotes":""},"categories":[],"tags":[],"class_list":["post-816","page","type-page","status-publish","has-post-thumbnail","hentry"],"_links":{"self":[{"href":"https:\/\/clunyportugal.com\/ppsjc\/wp-json\/wp\/v2\/pages\/816","targetHints":{"allow":["GET"]}}],"collection":[{"href":"https:\/\/clunyportugal.com\/ppsjc\/wp-json\/wp\/v2\/pages"}],"about":[{"href":"https:\/\/clunyportugal.com\/ppsjc\/wp-json\/wp\/v2\/types\/page"}],"author":[{"embeddable":true,"href":"https:\/\/clunyportugal.com\/ppsjc\/wp-json\/wp\/v2\/users\/1"}],"replies":[{"embeddable":true,"href":"https:\/\/clunyportugal.com\/ppsjc\/wp-json\/wp\/v2\/comments?post=816"}],"version-history":[{"count":4,"href":"https:\/\/clunyportugal.com\/ppsjc\/wp-json\/wp\/v2\/pages\/816\/revisions"}],"predecessor-version":[{"id":886,"href":"https:\/\/clunyportugal.com\/ppsjc\/wp-json\/wp\/v2\/pages\/816\/revisions\/886"}],"wp:featuredmedia":[{"embeddable":true,"href":"https:\/\/clunyportugal.com\/ppsjc\/wp-json\/wp\/v2\/media\/818"}],"wp:attachment":[{"href":"https:\/\/clunyportugal.com\/ppsjc\/wp-json\/wp\/v2\/media?parent=816"}],"wp:term":[{"taxonomy":"category","embeddable":true,"href":"https:\/\/clunyportugal.com\/ppsjc\/wp-json\/wp\/v2\/categories?post=816"},{"taxonomy":"post_tag","embeddable":true,"href":"https:\/\/clunyportugal.com\/ppsjc\/wp-json\/wp\/v2\/tags?post=816"}],"curies":[{"name":"wp","href":"https:\/\/api.w.org\/{rel}","templated":true}]}}