{"id":626,"date":"2020-03-04T18:47:24","date_gmt":"2020-03-04T18:47:24","guid":{"rendered":"https:\/\/clunyportugal.com\/ppsjc\/?page_id=626"},"modified":"2022-01-06T19:05:45","modified_gmt":"2022-01-06T19:05:45","slug":"lar-universitario-de-sjc","status":"publish","type":"page","link":"https:\/\/clunyportugal.com\/ppsjc\/lar-universitario-de-sjc\/","title":{"rendered":"Lar Universit\u00e1rio SJC"},"content":{"rendered":"\n<h2 class=\"wp-block-heading\">Lar Universit\u00e1rio SJC &#8211; PORTO<\/h2>\n\n\n\n<div class=\"wp-block-image\"><figure class=\"aligncenter size-large\"><img loading=\"lazy\" decoding=\"async\" width=\"724\" height=\"1024\" src=\"https:\/\/clunyportugal.com\/ppsjc\/wp-content\/uploads\/2021\/09\/ResidenciaLarCluny2-724x1024.png\" alt=\"\" class=\"wp-image-1536\" srcset=\"https:\/\/clunyportugal.com\/ppsjc\/wp-content\/uploads\/2021\/09\/ResidenciaLarCluny2-724x1024.png 724w, https:\/\/clunyportugal.com\/ppsjc\/wp-content\/uploads\/2021\/09\/ResidenciaLarCluny2-212x300.png 212w, https:\/\/clunyportugal.com\/ppsjc\/wp-content\/uploads\/2021\/09\/ResidenciaLarCluny2-768x1086.png 768w, https:\/\/clunyportugal.com\/ppsjc\/wp-content\/uploads\/2021\/09\/ResidenciaLarCluny2-1086x1536.png 1086w, https:\/\/clunyportugal.com\/ppsjc\/wp-content\/uploads\/2021\/09\/ResidenciaLarCluny2-1448x2048.png 1448w, https:\/\/clunyportugal.com\/ppsjc\/wp-content\/uploads\/2021\/09\/ResidenciaLarCluny2.png 1587w\" sizes=\"auto, (max-width: 724px) 100vw, 724px\" \/><\/figure><\/div>\n\n\n\n<div class=\"wp-block-image\"><figure class=\"aligncenter size-large\"><img loading=\"lazy\" decoding=\"async\" width=\"724\" height=\"1024\" src=\"https:\/\/clunyportugal.com\/ppsjc\/wp-content\/uploads\/2021\/06\/ResidenciaLarCluny1-724x1024.png\" alt=\"\" class=\"wp-image-1436\" srcset=\"https:\/\/clunyportugal.com\/ppsjc\/wp-content\/uploads\/2021\/06\/ResidenciaLarCluny1-724x1024.png 724w, https:\/\/clunyportugal.com\/ppsjc\/wp-content\/uploads\/2021\/06\/ResidenciaLarCluny1-212x300.png 212w, https:\/\/clunyportugal.com\/ppsjc\/wp-content\/uploads\/2021\/06\/ResidenciaLarCluny1-768x1086.png 768w, https:\/\/clunyportugal.com\/ppsjc\/wp-content\/uploads\/2021\/06\/ResidenciaLarCluny1-1086x1536.png 1086w, https:\/\/clunyportugal.com\/ppsjc\/wp-content\/uploads\/2021\/06\/ResidenciaLarCluny1-1448x2048.png 1448w, https:\/\/clunyportugal.com\/ppsjc\/wp-content\/uploads\/2021\/06\/ResidenciaLarCluny1.png 1587w\" sizes=\"auto, (max-width: 724px) 100vw, 724px\" \/><\/figure><\/div>\n\n\n\n<h2 class=\"wp-block-heading\"><strong>RESID\u00caNCIA LAR UNIVERSIT\u00c1RIO S\u00c3O JOS\u00c9 DE CLUNY<\/strong><\/h2>\n\n\n\n<p class=\"has-black-color has-text-color\">Rua do Breiner, 401<br>4050 \u2013 127 Porto<br>Tel: 22 609 39 52 \/ 22 606 43 30<br><a href=\"mailto:larcluny@gmail.com\">larcluny@gmail.com<\/a><\/p>\n\n\n\n<p class=\"has-black-color has-text-color\">A&nbsp;<strong>RESID\u00caNCIA LAR UNIVERSIT\u00c1RIO S\u00c3O JOS\u00c9 DE CLUNY<\/strong>&nbsp;\u00e9 uma resid\u00eancia mista para Estudantes Universit\u00e1rios nacionais ou estrangeiros, na cidade do Porto.<br>Tem capacidade para 70 Estudantes, em quartos individuais e\/ou duplos, com aquecimento central. Disponibiliza tamb\u00e9m salas de conv\u00edvio e de jogos, uma biblioteca, uma cozinha, lavandaria, uma capela, Internet, piano, um campo de desporto, jardim, seguran\u00e7a.<\/p>\n\n\n\n<figure class=\"wp-block-gallery columns-2 is-cropped wp-block-gallery-1 is-layout-flex wp-block-gallery-is-layout-flex\"><ul class=\"blocks-gallery-grid\"><li class=\"blocks-gallery-item\"><figure><img loading=\"lazy\" decoding=\"async\" width=\"512\" height=\"341\" src=\"https:\/\/clunyportugal.com\/ppsjc\/wp-content\/uploads\/2020\/03\/edificio_larcluny.jpg\" alt=\"\" data-id=\"627\" data-full-url=\"https:\/\/clunyportugal.com\/ppsjc\/wp-content\/uploads\/2020\/03\/edificio_larcluny.jpg\" data-link=\"https:\/\/clunyportugal.com\/ppsjc\/?attachment_id=627#main\" class=\"wp-image-627\" srcset=\"https:\/\/clunyportugal.com\/ppsjc\/wp-content\/uploads\/2020\/03\/edificio_larcluny.jpg 512w, https:\/\/clunyportugal.com\/ppsjc\/wp-content\/uploads\/2020\/03\/edificio_larcluny-300x200.jpg 300w, https:\/\/clunyportugal.com\/ppsjc\/wp-content\/uploads\/2020\/03\/edificio_larcluny-380x254.jpg 380w, https:\/\/clunyportugal.com\/ppsjc\/wp-content\/uploads\/2020\/03\/edificio_larcluny-285x190.jpg 285w\" sizes=\"auto, (max-width: 512px) 100vw, 512px\" \/><\/figure><\/li><li class=\"blocks-gallery-item\"><figure><img loading=\"lazy\" decoding=\"async\" width=\"341\" height=\"256\" src=\"https:\/\/clunyportugal.com\/ppsjc\/wp-content\/uploads\/2020\/03\/tenis.jpg\" alt=\"\" data-id=\"652\" data-full-url=\"https:\/\/clunyportugal.com\/ppsjc\/wp-content\/uploads\/2020\/03\/tenis.jpg\" data-link=\"https:\/\/clunyportugal.com\/ppsjc\/?attachment_id=652#main\" class=\"wp-image-652\" srcset=\"https:\/\/clunyportugal.com\/ppsjc\/wp-content\/uploads\/2020\/03\/tenis.jpg 341w, https:\/\/clunyportugal.com\/ppsjc\/wp-content\/uploads\/2020\/03\/tenis-300x225.jpg 300w, https:\/\/clunyportugal.com\/ppsjc\/wp-content\/uploads\/2020\/03\/tenis-285x214.jpg 285w\" sizes=\"auto, (max-width: 341px) 100vw, 341px\" \/><\/figure><\/li><li class=\"blocks-gallery-item\"><figure><img loading=\"lazy\" decoding=\"async\" width=\"512\" height=\"384\" src=\"https:\/\/clunyportugal.com\/ppsjc\/wp-content\/uploads\/2020\/03\/Wall_Interior.jpg\" alt=\"\" data-id=\"655\" data-full-url=\"https:\/\/clunyportugal.com\/ppsjc\/wp-content\/uploads\/2020\/03\/Wall_Interior.jpg\" data-link=\"https:\/\/clunyportugal.com\/ppsjc\/?attachment_id=655#main\" class=\"wp-image-655\" srcset=\"https:\/\/clunyportugal.com\/ppsjc\/wp-content\/uploads\/2020\/03\/Wall_Interior.jpg 512w, https:\/\/clunyportugal.com\/ppsjc\/wp-content\/uploads\/2020\/03\/Wall_Interior-300x225.jpg 300w, https:\/\/clunyportugal.com\/ppsjc\/wp-content\/uploads\/2020\/03\/Wall_Interior-380x285.jpg 380w, https:\/\/clunyportugal.com\/ppsjc\/wp-content\/uploads\/2020\/03\/Wall_Interior-285x214.jpg 285w\" sizes=\"auto, (max-width: 512px) 100vw, 512px\" \/><\/figure><\/li><li class=\"blocks-gallery-item\"><figure><img loading=\"lazy\" decoding=\"async\" width=\"512\" height=\"384\" src=\"https:\/\/clunyportugal.com\/ppsjc\/wp-content\/uploads\/2020\/03\/wall_entrada.jpg\" alt=\"\" data-id=\"654\" data-full-url=\"https:\/\/clunyportugal.com\/ppsjc\/wp-content\/uploads\/2020\/03\/wall_entrada.jpg\" data-link=\"https:\/\/clunyportugal.com\/ppsjc\/?attachment_id=654#main\" class=\"wp-image-654\" srcset=\"https:\/\/clunyportugal.com\/ppsjc\/wp-content\/uploads\/2020\/03\/wall_entrada.jpg 512w, https:\/\/clunyportugal.com\/ppsjc\/wp-content\/uploads\/2020\/03\/wall_entrada-300x225.jpg 300w, https:\/\/clunyportugal.com\/ppsjc\/wp-content\/uploads\/2020\/03\/wall_entrada-380x285.jpg 380w, https:\/\/clunyportugal.com\/ppsjc\/wp-content\/uploads\/2020\/03\/wall_entrada-285x214.jpg 285w\" sizes=\"auto, (max-width: 512px) 100vw, 512px\" \/><\/figure><\/li><li class=\"blocks-gallery-item\"><figure><img loading=\"lazy\" decoding=\"async\" width=\"512\" height=\"341\" src=\"https:\/\/clunyportugal.com\/ppsjc\/wp-content\/uploads\/2020\/03\/patamar2.jpg\" alt=\"\" data-id=\"646\" data-full-url=\"https:\/\/clunyportugal.com\/ppsjc\/wp-content\/uploads\/2020\/03\/patamar2.jpg\" data-link=\"https:\/\/clunyportugal.com\/ppsjc\/?attachment_id=646#main\" class=\"wp-image-646\" srcset=\"https:\/\/clunyportugal.com\/ppsjc\/wp-content\/uploads\/2020\/03\/patamar2.jpg 512w, https:\/\/clunyportugal.com\/ppsjc\/wp-content\/uploads\/2020\/03\/patamar2-300x200.jpg 300w, https:\/\/clunyportugal.com\/ppsjc\/wp-content\/uploads\/2020\/03\/patamar2-380x254.jpg 380w, https:\/\/clunyportugal.com\/ppsjc\/wp-content\/uploads\/2020\/03\/patamar2-285x190.jpg 285w\" sizes=\"auto, (max-width: 512px) 100vw, 512px\" \/><\/figure><\/li><li class=\"blocks-gallery-item\"><figure><img loading=\"lazy\" decoding=\"async\" width=\"512\" height=\"383\" src=\"https:\/\/clunyportugal.com\/ppsjc\/wp-content\/uploads\/2020\/03\/sala_polivalente.jpg\" alt=\"\" data-id=\"651\" data-full-url=\"https:\/\/clunyportugal.com\/ppsjc\/wp-content\/uploads\/2020\/03\/sala_polivalente.jpg\" data-link=\"https:\/\/clunyportugal.com\/ppsjc\/?attachment_id=651#main\" class=\"wp-image-651\" srcset=\"https:\/\/clunyportugal.com\/ppsjc\/wp-content\/uploads\/2020\/03\/sala_polivalente.jpg 512w, https:\/\/clunyportugal.com\/ppsjc\/wp-content\/uploads\/2020\/03\/sala_polivalente-300x224.jpg 300w, https:\/\/clunyportugal.com\/ppsjc\/wp-content\/uploads\/2020\/03\/sala_polivalente-380x285.jpg 380w, https:\/\/clunyportugal.com\/ppsjc\/wp-content\/uploads\/2020\/03\/sala_polivalente-285x214.jpg 285w\" sizes=\"auto, (max-width: 512px) 100vw, 512px\" \/><\/figure><\/li><li class=\"blocks-gallery-item\"><figure><img loading=\"lazy\" decoding=\"async\" width=\"512\" height=\"341\" src=\"https:\/\/clunyportugal.com\/ppsjc\/wp-content\/uploads\/2020\/03\/sala_convivio.jpg\" alt=\"\" data-id=\"650\" data-full-url=\"https:\/\/clunyportugal.com\/ppsjc\/wp-content\/uploads\/2020\/03\/sala_convivio.jpg\" data-link=\"https:\/\/clunyportugal.com\/ppsjc\/?attachment_id=650#main\" class=\"wp-image-650\" srcset=\"https:\/\/clunyportugal.com\/ppsjc\/wp-content\/uploads\/2020\/03\/sala_convivio.jpg 512w, https:\/\/clunyportugal.com\/ppsjc\/wp-content\/uploads\/2020\/03\/sala_convivio-300x200.jpg 300w, https:\/\/clunyportugal.com\/ppsjc\/wp-content\/uploads\/2020\/03\/sala_convivio-380x254.jpg 380w, https:\/\/clunyportugal.com\/ppsjc\/wp-content\/uploads\/2020\/03\/sala_convivio-285x190.jpg 285w\" sizes=\"auto, (max-width: 512px) 100vw, 512px\" \/><\/figure><\/li><li class=\"blocks-gallery-item\"><figure><img loading=\"lazy\" decoding=\"async\" width=\"512\" height=\"341\" src=\"https:\/\/clunyportugal.com\/ppsjc\/wp-content\/uploads\/2020\/03\/cozinha.jpg\" alt=\"\" data-id=\"635\" data-full-url=\"https:\/\/clunyportugal.com\/ppsjc\/wp-content\/uploads\/2020\/03\/cozinha.jpg\" data-link=\"https:\/\/clunyportugal.com\/ppsjc\/?attachment_id=635#main\" class=\"wp-image-635\" srcset=\"https:\/\/clunyportugal.com\/ppsjc\/wp-content\/uploads\/2020\/03\/cozinha.jpg 512w, https:\/\/clunyportugal.com\/ppsjc\/wp-content\/uploads\/2020\/03\/cozinha-300x200.jpg 300w, https:\/\/clunyportugal.com\/ppsjc\/wp-content\/uploads\/2020\/03\/cozinha-380x254.jpg 380w, https:\/\/clunyportugal.com\/ppsjc\/wp-content\/uploads\/2020\/03\/cozinha-285x190.jpg 285w\" sizes=\"auto, (max-width: 512px) 100vw, 512px\" \/><\/figure><\/li><li class=\"blocks-gallery-item\"><figure><img loading=\"lazy\" decoding=\"async\" width=\"512\" height=\"384\" src=\"https:\/\/clunyportugal.com\/ppsjc\/wp-content\/uploads\/2020\/03\/refeitorio.jpg\" alt=\"\" data-id=\"649\" data-full-url=\"https:\/\/clunyportugal.com\/ppsjc\/wp-content\/uploads\/2020\/03\/refeitorio.jpg\" data-link=\"https:\/\/clunyportugal.com\/ppsjc\/?attachment_id=649#main\" class=\"wp-image-649\" srcset=\"https:\/\/clunyportugal.com\/ppsjc\/wp-content\/uploads\/2020\/03\/refeitorio.jpg 512w, https:\/\/clunyportugal.com\/ppsjc\/wp-content\/uploads\/2020\/03\/refeitorio-300x225.jpg 300w, https:\/\/clunyportugal.com\/ppsjc\/wp-content\/uploads\/2020\/03\/refeitorio-380x285.jpg 380w, https:\/\/clunyportugal.com\/ppsjc\/wp-content\/uploads\/2020\/03\/refeitorio-285x214.jpg 285w\" sizes=\"auto, (max-width: 512px) 100vw, 512px\" \/><\/figure><\/li><li class=\"blocks-gallery-item\"><figure><img loading=\"lazy\" decoding=\"async\" width=\"512\" height=\"384\" src=\"https:\/\/clunyportugal.com\/ppsjc\/wp-content\/uploads\/2020\/03\/quarto3.jpg\" alt=\"\" data-id=\"648\" data-full-url=\"https:\/\/clunyportugal.com\/ppsjc\/wp-content\/uploads\/2020\/03\/quarto3.jpg\" data-link=\"https:\/\/clunyportugal.com\/ppsjc\/?attachment_id=648#main\" class=\"wp-image-648\" srcset=\"https:\/\/clunyportugal.com\/ppsjc\/wp-content\/uploads\/2020\/03\/quarto3.jpg 512w, https:\/\/clunyportugal.com\/ppsjc\/wp-content\/uploads\/2020\/03\/quarto3-300x225.jpg 300w, https:\/\/clunyportugal.com\/ppsjc\/wp-content\/uploads\/2020\/03\/quarto3-380x285.jpg 380w, https:\/\/clunyportugal.com\/ppsjc\/wp-content\/uploads\/2020\/03\/quarto3-285x214.jpg 285w\" sizes=\"auto, (max-width: 512px) 100vw, 512px\" \/><\/figure><\/li><li class=\"blocks-gallery-item\"><figure><img loading=\"lazy\" decoding=\"async\" width=\"512\" height=\"384\" src=\"https:\/\/clunyportugal.com\/ppsjc\/wp-content\/uploads\/2020\/03\/quarto1.jpg\" alt=\"\" data-id=\"647\" data-full-url=\"https:\/\/clunyportugal.com\/ppsjc\/wp-content\/uploads\/2020\/03\/quarto1.jpg\" data-link=\"https:\/\/clunyportugal.com\/ppsjc\/?attachment_id=647#main\" class=\"wp-image-647\" srcset=\"https:\/\/clunyportugal.com\/ppsjc\/wp-content\/uploads\/2020\/03\/quarto1.jpg 512w, https:\/\/clunyportugal.com\/ppsjc\/wp-content\/uploads\/2020\/03\/quarto1-300x225.jpg 300w, https:\/\/clunyportugal.com\/ppsjc\/wp-content\/uploads\/2020\/03\/quarto1-380x285.jpg 380w, https:\/\/clunyportugal.com\/ppsjc\/wp-content\/uploads\/2020\/03\/quarto1-285x214.jpg 285w\" sizes=\"auto, (max-width: 512px) 100vw, 512px\" \/><\/figure><\/li><li class=\"blocks-gallery-item\"><figure><img loading=\"lazy\" decoding=\"async\" width=\"512\" height=\"384\" src=\"https:\/\/clunyportugal.com\/ppsjc\/wp-content\/uploads\/2020\/03\/escadaria2.jpg\" alt=\"\" data-id=\"638\" data-full-url=\"https:\/\/clunyportugal.com\/ppsjc\/wp-content\/uploads\/2020\/03\/escadaria2.jpg\" data-link=\"https:\/\/clunyportugal.com\/ppsjc\/?attachment_id=638#main\" class=\"wp-image-638\" srcset=\"https:\/\/clunyportugal.com\/ppsjc\/wp-content\/uploads\/2020\/03\/escadaria2.jpg 512w, https:\/\/clunyportugal.com\/ppsjc\/wp-content\/uploads\/2020\/03\/escadaria2-300x225.jpg 300w, https:\/\/clunyportugal.com\/ppsjc\/wp-content\/uploads\/2020\/03\/escadaria2-380x285.jpg 380w, https:\/\/clunyportugal.com\/ppsjc\/wp-content\/uploads\/2020\/03\/escadaria2-285x214.jpg 285w\" sizes=\"auto, (max-width: 512px) 100vw, 512px\" \/><\/figure><\/li><li class=\"blocks-gallery-item\"><figure><img loading=\"lazy\" decoding=\"async\" width=\"512\" height=\"341\" src=\"https:\/\/clunyportugal.com\/ppsjc\/wp-content\/uploads\/2020\/03\/cozinha_central.jpg\" alt=\"\" data-id=\"634\" data-full-url=\"https:\/\/clunyportugal.com\/ppsjc\/wp-content\/uploads\/2020\/03\/cozinha_central.jpg\" data-link=\"https:\/\/clunyportugal.com\/ppsjc\/?attachment_id=634#main\" class=\"wp-image-634\" srcset=\"https:\/\/clunyportugal.com\/ppsjc\/wp-content\/uploads\/2020\/03\/cozinha_central.jpg 512w, https:\/\/clunyportugal.com\/ppsjc\/wp-content\/uploads\/2020\/03\/cozinha_central-300x200.jpg 300w, https:\/\/clunyportugal.com\/ppsjc\/wp-content\/uploads\/2020\/03\/cozinha_central-380x254.jpg 380w, https:\/\/clunyportugal.com\/ppsjc\/wp-content\/uploads\/2020\/03\/cozinha_central-285x190.jpg 285w\" sizes=\"auto, (max-width: 512px) 100vw, 512px\" \/><\/figure><\/li><li class=\"blocks-gallery-item\"><figure><img loading=\"lazy\" decoding=\"async\" width=\"512\" height=\"362\" src=\"https:\/\/clunyportugal.com\/ppsjc\/wp-content\/uploads\/2020\/03\/biblioteca2.jpg\" alt=\"\" data-id=\"629\" data-full-url=\"https:\/\/clunyportugal.com\/ppsjc\/wp-content\/uploads\/2020\/03\/biblioteca2.jpg\" data-link=\"https:\/\/clunyportugal.com\/ppsjc\/?attachment_id=629#main\" class=\"wp-image-629\" srcset=\"https:\/\/clunyportugal.com\/ppsjc\/wp-content\/uploads\/2020\/03\/biblioteca2.jpg 512w, https:\/\/clunyportugal.com\/ppsjc\/wp-content\/uploads\/2020\/03\/biblioteca2-300x212.jpg 300w\" sizes=\"auto, (max-width: 512px) 100vw, 512px\" \/><\/figure><\/li><li class=\"blocks-gallery-item\"><figure><img loading=\"lazy\" decoding=\"async\" width=\"512\" height=\"384\" src=\"https:\/\/clunyportugal.com\/ppsjc\/wp-content\/uploads\/2020\/03\/capela2.jpg\" alt=\"\" data-id=\"631\" data-full-url=\"https:\/\/clunyportugal.com\/ppsjc\/wp-content\/uploads\/2020\/03\/capela2.jpg\" data-link=\"https:\/\/clunyportugal.com\/ppsjc\/?attachment_id=631#main\" class=\"wp-image-631\" srcset=\"https:\/\/clunyportugal.com\/ppsjc\/wp-content\/uploads\/2020\/03\/capela2.jpg 512w, https:\/\/clunyportugal.com\/ppsjc\/wp-content\/uploads\/2020\/03\/capela2-300x225.jpg 300w, https:\/\/clunyportugal.com\/ppsjc\/wp-content\/uploads\/2020\/03\/capela2-380x285.jpg 380w, https:\/\/clunyportugal.com\/ppsjc\/wp-content\/uploads\/2020\/03\/capela2-285x214.jpg 285w\" sizes=\"auto, (max-width: 512px) 100vw, 512px\" \/><\/figure><\/li><\/ul><\/figure>\n\n\n\n<h2 class=\"wp-block-heading\">LOCALIZA\u00c7\u00c3O<\/h2>\n\n\n\n<p class=\"has-black-color has-text-color\">A Resid\u00eancia&nbsp;Lar Universit\u00e1rio S. Jos\u00e9 de Cluny&nbsp;est\u00e1 situada no cora\u00e7\u00e3o da cidade &#8211; Rua do Breiner, n\u00ba 401, junto ao Pal\u00e1cio de Cristal, Hospital de Santo Ant\u00f3nio e Maternidade J\u00falio Dinis &#8211; a 5 minutos da Faculdade da FFUP e ICBS; a 8 minutos das Faculdades de Direito e de Jornalismo; a poucos minutos de v\u00e1rias outras Faculdades. \u00c9 servido por v\u00e1rios meios de transportes para todas as outras Faculdades da Universidade do Porto (metro e autocarro).<\/p>\n\n\n\n<p class=\"has-black-color has-text-color\">A Resid\u00eancia Lar Universit\u00e1rio S. Jos\u00e9 de Cluny \u00e9 um servi\u00e7o de apoio \u00e0s Fam\u00edlias, acolhendo universit\u00e1rios (m\/f) que precisam de alojamento no Porto e que aceitam viver uma experi\u00eancia comunit\u00e1ria, marcada pelos valores da F\u00e9 Crist\u00e3 e da s\u00e3 conviv\u00eancia.<\/p>\n\n\n\n<h2 class=\"wp-block-heading\">CONTACTOS<\/h2>\n\n\n\n<p class=\"has-black-color has-text-color\"><strong>RESID\u00caNCIA UNIVERSIT\u00c1RIA<\/strong>&nbsp;<strong>S\u00c3O JOS\u00c9 DE CLUNY<\/strong>&nbsp;<strong>PORTO&nbsp;<\/strong><br>Rua do Breiner, n\u00ba 401<br>4050-127 PORTO<br>Tel.&nbsp;&nbsp;+351 926 694 761\/+351 226 093 952<br>Email: larcluny@gmail.com<\/p>\n\n\n\n<p class=\"has-black-color has-text-color\"><strong>Vem ficar connosco.<\/strong><\/p>\n\n\n\n<p class=\"has-black-color has-text-color\"><strong>Resid\u00eancia Cluny<\/strong><\/p>\n","protected":false},"excerpt":{"rendered":"<p>Lar Universit\u00e1rio SJC &#8211; PORTO RESID\u00caNCIA LAR UNIVERSIT\u00c1RIO S\u00c3O JOS\u00c9 DE CLUNY Rua do Breiner, 4014050 \u2013 127 PortoTel: 22 609 39 52 \/ 22 606 43 30larcluny@gmail.com A&nbsp;RESID\u00caNCIA LAR UNIVERSIT\u00c1RIO S\u00c3O JOS\u00c9 DE CLUNY&nbsp;\u00e9 uma resid\u00eancia mista para Estudantes Universit\u00e1rios nacionais ou estrangeiros, na cidade do Porto.Tem capacidade para 70 Estudantes, em quartos individuais [&hellip;]<\/p>\n<p class=\"more-link\"><a href=\"https:\/\/clunyportugal.com\/ppsjc\/lar-universitario-de-sjc\/\"  class=\"themebutton\">Read More<\/a><\/p>\n","protected":false},"author":1,"featured_media":636,"parent":0,"menu_order":0,"comment_status":"closed","ping_status":"closed","template":"","meta":{"footnotes":""},"categories":[],"tags":[],"class_list":["post-626","page","type-page","status-publish","has-post-thumbnail","hentry"],"_links":{"self":[{"href":"https:\/\/clunyportugal.com\/ppsjc\/wp-json\/wp\/v2\/pages\/626","targetHints":{"allow":["GET"]}}],"collection":[{"href":"https:\/\/clunyportugal.com\/ppsjc\/wp-json\/wp\/v2\/pages"}],"about":[{"href":"https:\/\/clunyportugal.com\/ppsjc\/wp-json\/wp\/v2\/types\/page"}],"author":[{"embeddable":true,"href":"https:\/\/clunyportugal.com\/ppsjc\/wp-json\/wp\/v2\/users\/1"}],"replies":[{"embeddable":true,"href":"https:\/\/clunyportugal.com\/ppsjc\/wp-json\/wp\/v2\/comments?post=626"}],"version-history":[{"count":8,"href":"https:\/\/clunyportugal.com\/ppsjc\/wp-json\/wp\/v2\/pages\/626\/revisions"}],"predecessor-version":[{"id":1591,"href":"https:\/\/clunyportugal.com\/ppsjc\/wp-json\/wp\/v2\/pages\/626\/revisions\/1591"}],"wp:featuredmedia":[{"embeddable":true,"href":"https:\/\/clunyportugal.com\/ppsjc\/wp-json\/wp\/v2\/media\/636"}],"wp:attachment":[{"href":"https:\/\/clunyportugal.com\/ppsjc\/wp-json\/wp\/v2\/media?parent=626"}],"wp:term":[{"taxonomy":"category","embeddable":true,"href":"https:\/\/clunyportugal.com\/ppsjc\/wp-json\/wp\/v2\/categories?post=626"},{"taxonomy":"post_tag","embeddable":true,"href":"https:\/\/clunyportugal.com\/ppsjc\/wp-json\/wp\/v2\/tags?post=626"}],"curies":[{"name":"wp","href":"https:\/\/api.w.org\/{rel}","templated":true}]}}