{"id":496,"date":"2020-03-02T20:07:05","date_gmt":"2020-03-02T20:07:05","guid":{"rendered":"https:\/\/clunyportugal.com\/ppsjc\/?page_id=496"},"modified":"2020-05-01T10:10:29","modified_gmt":"2020-05-01T10:10:29","slug":"abrigo-do-menino-jesus-2","status":"publish","type":"page","link":"https:\/\/clunyportugal.com\/ppsjc\/abrigo-do-menino-jesus-2\/","title":{"rendered":"Abrigo do Menino Jesus"},"content":{"rendered":"\n<p class=\"has-medium-font-size\"><strong>Abrigo do Menino Jesus<\/strong><\/p>\n\n\n\n<div class=\"wp-block-image\"><figure class=\"aligncenter size-large is-resized\"><img loading=\"lazy\" decoding=\"async\" src=\"https:\/\/clunyportugal.com\/ppsjc\/wp-content\/uploads\/2020\/03\/banner1-4.png\" alt=\"\" class=\"wp-image-436\" width=\"594\" height=\"132\" srcset=\"https:\/\/clunyportugal.com\/ppsjc\/wp-content\/uploads\/2020\/03\/banner1-4.png 960w, https:\/\/clunyportugal.com\/ppsjc\/wp-content\/uploads\/2020\/03\/banner1-4-300x67.png 300w, https:\/\/clunyportugal.com\/ppsjc\/wp-content\/uploads\/2020\/03\/banner1-4-768x172.png 768w\" sizes=\"auto, (max-width: 594px) 100vw, 594px\" \/><\/figure><\/div>\n\n\n\n<p>O Abrigo do Menino Jesus em Torres novas, foi fundado em 1 de Janeiro de 1941 pela Sr\u00aa. D. Maria Em\u00edlia de Castilho Rodrigues, com o nome de \u201cAbrigo dos Pequeninos\u201d, com a finalidade de \u201cacolher e amparar as crian\u00e7as mais desfavorecidas\u201d.<\/p>\n\n\n\n<p>As dificuldades provenientes das prec\u00e1rias condi\u00e7\u00f5es levaram a fundadora e Diretora a entregar \u00e0 Dire\u00e7\u00e3o do Col\u00e9gio de Santa Maria a orienta\u00e7\u00e3o da obra em 1950.<\/p>\n\n\n\n<p>O Abrigo tem capacidade para 125 crian\u00e7as, sendo 95 no pr\u00e9-escolar e 30 na creche. Presentemente frequentam 26 crian\u00e7as na creche, acompanhadas por 2 Educadoras e 2 Auxiliares e no pr\u00e9-escolar temos 70 crian\u00e7as divididas por 3 salas com 3 Educadoras e 3 Auxiliares. A diminui\u00e7\u00e3o da frequ\u00eancia de utentes na nossa institui\u00e7\u00e3o deve-se \u00e0 cria\u00e7\u00e3o de novos centros escolares criados pelo Estado.<\/p>\n\n\n\n<p>No Ano em curso o projeto educativo tem como titulo: \u201cJogar, Brincar, Crescer e Aprender\u201d. O corpo docente do nosso Jardim de Inf\u00e2ncia optou por este projeto para cultivar valores nas crian\u00e7as tais como a amizade, a partilha, a interajuda e a socializa\u00e7\u00e3o.<\/p>\n\n\n\n<figure class=\"wp-block-gallery columns-2 is-cropped wp-block-gallery-1 is-layout-flex wp-block-gallery-is-layout-flex\"><ul class=\"blocks-gallery-grid\"><li class=\"blocks-gallery-item\"><figure><img loading=\"lazy\" decoding=\"async\" width=\"500\" height=\"335\" src=\"https:\/\/clunyportugal.com\/ppsjc\/wp-content\/uploads\/2020\/03\/1.jpg\" alt=\"\" data-id=\"487\" data-full-url=\"https:\/\/clunyportugal.com\/ppsjc\/wp-content\/uploads\/2020\/03\/1.jpg\" data-link=\"https:\/\/clunyportugal.com\/ppsjc\/1\/\" class=\"wp-image-487\" srcset=\"https:\/\/clunyportugal.com\/ppsjc\/wp-content\/uploads\/2020\/03\/1.jpg 500w, https:\/\/clunyportugal.com\/ppsjc\/wp-content\/uploads\/2020\/03\/1-300x201.jpg 300w, https:\/\/clunyportugal.com\/ppsjc\/wp-content\/uploads\/2020\/03\/1-380x254.jpg 380w, https:\/\/clunyportugal.com\/ppsjc\/wp-content\/uploads\/2020\/03\/1-285x190.jpg 285w\" sizes=\"auto, (max-width: 500px) 100vw, 500px\" \/><\/figure><\/li><li class=\"blocks-gallery-item\"><figure><img loading=\"lazy\" decoding=\"async\" width=\"500\" height=\"890\" src=\"https:\/\/clunyportugal.com\/ppsjc\/wp-content\/uploads\/2020\/03\/2.jpg\" alt=\"\" data-id=\"488\" data-full-url=\"https:\/\/clunyportugal.com\/ppsjc\/wp-content\/uploads\/2020\/03\/2.jpg\" data-link=\"https:\/\/clunyportugal.com\/ppsjc\/2\/\" class=\"wp-image-488\" srcset=\"https:\/\/clunyportugal.com\/ppsjc\/wp-content\/uploads\/2020\/03\/2.jpg 500w, https:\/\/clunyportugal.com\/ppsjc\/wp-content\/uploads\/2020\/03\/2-169x300.jpg 169w\" sizes=\"auto, (max-width: 500px) 100vw, 500px\" \/><\/figure><\/li><li class=\"blocks-gallery-item\"><figure><img loading=\"lazy\" decoding=\"async\" width=\"500\" height=\"281\" src=\"https:\/\/clunyportugal.com\/ppsjc\/wp-content\/uploads\/2020\/03\/3.jpg\" alt=\"\" data-id=\"489\" data-full-url=\"https:\/\/clunyportugal.com\/ppsjc\/wp-content\/uploads\/2020\/03\/3.jpg\" data-link=\"https:\/\/clunyportugal.com\/ppsjc\/3\/\" class=\"wp-image-489\" srcset=\"https:\/\/clunyportugal.com\/ppsjc\/wp-content\/uploads\/2020\/03\/3.jpg 500w, https:\/\/clunyportugal.com\/ppsjc\/wp-content\/uploads\/2020\/03\/3-300x169.jpg 300w\" sizes=\"auto, (max-width: 500px) 100vw, 500px\" \/><\/figure><\/li><li class=\"blocks-gallery-item\"><figure><img loading=\"lazy\" decoding=\"async\" width=\"500\" height=\"281\" src=\"https:\/\/clunyportugal.com\/ppsjc\/wp-content\/uploads\/2020\/03\/4.jpg\" alt=\"\" data-id=\"490\" data-full-url=\"https:\/\/clunyportugal.com\/ppsjc\/wp-content\/uploads\/2020\/03\/4.jpg\" data-link=\"https:\/\/clunyportugal.com\/ppsjc\/4\/\" class=\"wp-image-490\" srcset=\"https:\/\/clunyportugal.com\/ppsjc\/wp-content\/uploads\/2020\/03\/4.jpg 500w, https:\/\/clunyportugal.com\/ppsjc\/wp-content\/uploads\/2020\/03\/4-300x169.jpg 300w\" sizes=\"auto, (max-width: 500px) 100vw, 500px\" \/><\/figure><\/li><li class=\"blocks-gallery-item\"><figure><img loading=\"lazy\" decoding=\"async\" width=\"500\" height=\"375\" src=\"https:\/\/clunyportugal.com\/ppsjc\/wp-content\/uploads\/2020\/03\/5.jpg\" alt=\"\" data-id=\"491\" data-full-url=\"https:\/\/clunyportugal.com\/ppsjc\/wp-content\/uploads\/2020\/03\/5.jpg\" data-link=\"https:\/\/clunyportugal.com\/ppsjc\/5\/\" class=\"wp-image-491\" srcset=\"https:\/\/clunyportugal.com\/ppsjc\/wp-content\/uploads\/2020\/03\/5.jpg 500w, https:\/\/clunyportugal.com\/ppsjc\/wp-content\/uploads\/2020\/03\/5-300x225.jpg 300w, https:\/\/clunyportugal.com\/ppsjc\/wp-content\/uploads\/2020\/03\/5-380x285.jpg 380w, https:\/\/clunyportugal.com\/ppsjc\/wp-content\/uploads\/2020\/03\/5-285x214.jpg 285w\" sizes=\"auto, (max-width: 500px) 100vw, 500px\" \/><\/figure><\/li><li class=\"blocks-gallery-item\"><figure><img loading=\"lazy\" decoding=\"async\" width=\"500\" height=\"375\" src=\"https:\/\/clunyportugal.com\/ppsjc\/wp-content\/uploads\/2020\/03\/6.jpg\" alt=\"\" data-id=\"492\" data-full-url=\"https:\/\/clunyportugal.com\/ppsjc\/wp-content\/uploads\/2020\/03\/6.jpg\" data-link=\"https:\/\/clunyportugal.com\/ppsjc\/6\/\" class=\"wp-image-492\" srcset=\"https:\/\/clunyportugal.com\/ppsjc\/wp-content\/uploads\/2020\/03\/6.jpg 500w, https:\/\/clunyportugal.com\/ppsjc\/wp-content\/uploads\/2020\/03\/6-300x225.jpg 300w, https:\/\/clunyportugal.com\/ppsjc\/wp-content\/uploads\/2020\/03\/6-380x285.jpg 380w, https:\/\/clunyportugal.com\/ppsjc\/wp-content\/uploads\/2020\/03\/6-285x214.jpg 285w\" sizes=\"auto, (max-width: 500px) 100vw, 500px\" \/><\/figure><\/li><li class=\"blocks-gallery-item\"><figure><img loading=\"lazy\" decoding=\"async\" width=\"500\" height=\"375\" src=\"https:\/\/clunyportugal.com\/ppsjc\/wp-content\/uploads\/2020\/03\/7.jpg\" alt=\"\" data-id=\"493\" data-full-url=\"https:\/\/clunyportugal.com\/ppsjc\/wp-content\/uploads\/2020\/03\/7.jpg\" data-link=\"https:\/\/clunyportugal.com\/ppsjc\/7\/\" class=\"wp-image-493\" srcset=\"https:\/\/clunyportugal.com\/ppsjc\/wp-content\/uploads\/2020\/03\/7.jpg 500w, https:\/\/clunyportugal.com\/ppsjc\/wp-content\/uploads\/2020\/03\/7-300x225.jpg 300w, https:\/\/clunyportugal.com\/ppsjc\/wp-content\/uploads\/2020\/03\/7-380x285.jpg 380w, https:\/\/clunyportugal.com\/ppsjc\/wp-content\/uploads\/2020\/03\/7-285x214.jpg 285w\" sizes=\"auto, (max-width: 500px) 100vw, 500px\" \/><\/figure><\/li><li class=\"blocks-gallery-item\"><figure><img loading=\"lazy\" decoding=\"async\" width=\"500\" height=\"375\" src=\"https:\/\/clunyportugal.com\/ppsjc\/wp-content\/uploads\/2020\/03\/8.jpg\" alt=\"\" data-id=\"494\" data-full-url=\"https:\/\/clunyportugal.com\/ppsjc\/wp-content\/uploads\/2020\/03\/8.jpg\" data-link=\"https:\/\/clunyportugal.com\/ppsjc\/8\/\" class=\"wp-image-494\" srcset=\"https:\/\/clunyportugal.com\/ppsjc\/wp-content\/uploads\/2020\/03\/8.jpg 500w, https:\/\/clunyportugal.com\/ppsjc\/wp-content\/uploads\/2020\/03\/8-300x225.jpg 300w, https:\/\/clunyportugal.com\/ppsjc\/wp-content\/uploads\/2020\/03\/8-380x285.jpg 380w, https:\/\/clunyportugal.com\/ppsjc\/wp-content\/uploads\/2020\/03\/8-285x214.jpg 285w\" sizes=\"auto, (max-width: 500px) 100vw, 500px\" \/><\/figure><\/li><li class=\"blocks-gallery-item\"><figure><img loading=\"lazy\" decoding=\"async\" width=\"500\" height=\"667\" src=\"https:\/\/clunyportugal.com\/ppsjc\/wp-content\/uploads\/2020\/03\/9.jpg\" alt=\"\" data-id=\"495\" data-full-url=\"https:\/\/clunyportugal.com\/ppsjc\/wp-content\/uploads\/2020\/03\/9.jpg\" data-link=\"https:\/\/clunyportugal.com\/ppsjc\/9\/\" class=\"wp-image-495\" srcset=\"https:\/\/clunyportugal.com\/ppsjc\/wp-content\/uploads\/2020\/03\/9.jpg 500w, https:\/\/clunyportugal.com\/ppsjc\/wp-content\/uploads\/2020\/03\/9-225x300.jpg 225w\" sizes=\"auto, (max-width: 500px) 100vw, 500px\" \/><\/figure><\/li><\/ul><\/figure>\n","protected":false},"excerpt":{"rendered":"<p>Abrigo do Menino Jesus O Abrigo do Menino Jesus em Torres novas, foi fundado em 1 de Janeiro de 1941 pela Sr\u00aa. D. Maria Em\u00edlia de Castilho Rodrigues, com o nome de \u201cAbrigo dos Pequeninos\u201d, com a finalidade de \u201cacolher e amparar as crian\u00e7as mais desfavorecidas\u201d. As dificuldades provenientes das prec\u00e1rias condi\u00e7\u00f5es levaram a fundadora [&hellip;]<\/p>\n<p class=\"more-link\"><a href=\"https:\/\/clunyportugal.com\/ppsjc\/abrigo-do-menino-jesus-2\/\"  class=\"themebutton\">Read More<\/a><\/p>\n","protected":false},"author":1,"featured_media":436,"parent":0,"menu_order":0,"comment_status":"closed","ping_status":"closed","template":"","meta":{"footnotes":""},"categories":[13],"tags":[],"class_list":["post-496","page","type-page","status-publish","has-post-thumbnail","hentry","category-ipss"],"_links":{"self":[{"href":"https:\/\/clunyportugal.com\/ppsjc\/wp-json\/wp\/v2\/pages\/496","targetHints":{"allow":["GET"]}}],"collection":[{"href":"https:\/\/clunyportugal.com\/ppsjc\/wp-json\/wp\/v2\/pages"}],"about":[{"href":"https:\/\/clunyportugal.com\/ppsjc\/wp-json\/wp\/v2\/types\/page"}],"author":[{"embeddable":true,"href":"https:\/\/clunyportugal.com\/ppsjc\/wp-json\/wp\/v2\/users\/1"}],"replies":[{"embeddable":true,"href":"https:\/\/clunyportugal.com\/ppsjc\/wp-json\/wp\/v2\/comments?post=496"}],"version-history":[{"count":5,"href":"https:\/\/clunyportugal.com\/ppsjc\/wp-json\/wp\/v2\/pages\/496\/revisions"}],"predecessor-version":[{"id":1048,"href":"https:\/\/clunyportugal.com\/ppsjc\/wp-json\/wp\/v2\/pages\/496\/revisions\/1048"}],"wp:featuredmedia":[{"embeddable":true,"href":"https:\/\/clunyportugal.com\/ppsjc\/wp-json\/wp\/v2\/media\/436"}],"wp:attachment":[{"href":"https:\/\/clunyportugal.com\/ppsjc\/wp-json\/wp\/v2\/media?parent=496"}],"wp:term":[{"taxonomy":"category","embeddable":true,"href":"https:\/\/clunyportugal.com\/ppsjc\/wp-json\/wp\/v2\/categories?post=496"},{"taxonomy":"post_tag","embeddable":true,"href":"https:\/\/clunyportugal.com\/ppsjc\/wp-json\/wp\/v2\/tags?post=496"}],"curies":[{"name":"wp","href":"https:\/\/api.w.org\/{rel}","templated":true}]}}