{"id":453,"date":"2020-03-02T19:53:59","date_gmt":"2020-03-02T19:53:59","guid":{"rendered":"https:\/\/clunyportugal.com\/ppsjc\/?page_id=453"},"modified":"2020-03-02T22:57:31","modified_gmt":"2020-03-02T22:57:31","slug":"centro-social-de-sao-jose-de-cluny","status":"publish","type":"page","link":"https:\/\/clunyportugal.com\/ppsjc\/centro-social-de-sao-jose-de-cluny\/","title":{"rendered":"Centro Social de S\u00e3o Jos\u00e9 de Cluny"},"content":{"rendered":"\n<figure class=\"wp-block-image size-large\"><img loading=\"lazy\" decoding=\"async\" width=\"960\" height=\"215\" src=\"https:\/\/clunyportugal.com\/ppsjc\/wp-content\/uploads\/2020\/03\/banner1-2.png\" alt=\"\" class=\"wp-image-409\" srcset=\"https:\/\/clunyportugal.com\/ppsjc\/wp-content\/uploads\/2020\/03\/banner1-2.png 960w, https:\/\/clunyportugal.com\/ppsjc\/wp-content\/uploads\/2020\/03\/banner1-2-300x67.png 300w, https:\/\/clunyportugal.com\/ppsjc\/wp-content\/uploads\/2020\/03\/banner1-2-768x172.png 768w\" sizes=\"auto, (max-width: 960px) 100vw, 960px\" \/><\/figure>\n\n\n\n<p class=\"has-medium-font-size\">Centro Social de S\u00e3o Jos\u00e9 de Cluny<\/p>\n\n\n\n<p>O Centro Social S. Jos\u00e9 de Cluny, sito na Rua S. Jos\u00e9 de Cluny, n\u00ba 23, lugar de Famalic\u00e3o, Freguesia de Arcos, Anadia e distrito de Aveiro \u00e9 uma resposta jur\u00eddica can\u00f3nica de natureza p\u00fablica, criada em 1923 por iniciativa da Prov\u00edncia Portuguesa da Congrega\u00e7\u00e3o de S. Jos\u00e9 de Cluny, com Estatutos aprovados pelo Bispo da Diocese e elaborados em conformidade com o Estatuto das Institui\u00e7\u00f5es de Solidariedade Social.<br>O Centro Social S. Jos\u00e9 de Cluny \u00e9 uma resposta coletiva religiosa e uma Institui\u00e7\u00e3o de Solidariedade Social da Igreja Cat\u00f3lica.<br>O Centro Social S. Jos\u00e9 de Cluny funciona em regime de externato e como fim principal contribuir para a promo\u00e7\u00e3o integral de todos os que dela necessitam, propondo-se a:<\/p>\n\n\n\n<p>\u2022\tEducar crian\u00e7as dos dois sexos, segundo os princ\u00edpios do evangelho e da pedagogia Cluny deixada pela Fundadora da Congrega\u00e7\u00e3o, Ana Maria Javouhey;&nbsp;<br>\u2022\tCooperar com as fam\u00edlias na educa\u00e7\u00e3o dos filhos;&nbsp;&nbsp;<br>\u2022\tPromover o desenvolvimento integral da pessoa pela implementa\u00e7\u00e3o de a\u00e7\u00f5es de educa\u00e7\u00e3o, nomeadamente dos agentes de a\u00e7\u00e3o educativa da Institui\u00e7\u00e3o;&nbsp;&nbsp;<br>\u2022\tPromover a solidariedade social na comunidade;<br>\u2022\tCrescer na qualidade da resposta dos servi\u00e7os prestados \u00e0s crian\u00e7as, aos adultos e \u00e0 comunidade&nbsp;<\/p>\n\n\n\n<p>Para cumprimento dos seus fins estatu\u00e1rios, o Centro mant\u00e9m em funcionamento a Creche e o Pr\u00e9-escolar que s\u00e3o duas respostas sociais de natureza socioeducativa, vocacionadas para o apoio \u00e0 fam\u00edlia e \u00e0 crian\u00e7a, destinada a acolher crian\u00e7as do 1 aos 5 anos de idade.&nbsp;<\/p>\n\n\n\n<p class=\"has-medium-font-size\">As Instala\u00e7\u00f5es do Centro s\u00e3o compostas por:<\/p>\n\n\n\n<p>Dormit\u00f3rio<\/p>\n\n\n\n<figure class=\"wp-block-image size-large\"><img loading=\"lazy\" decoding=\"async\" width=\"600\" height=\"398\" src=\"https:\/\/clunyportugal.com\/ppsjc\/wp-content\/uploads\/2020\/03\/dormitorio.png\" alt=\"\" class=\"wp-image-471\" srcset=\"https:\/\/clunyportugal.com\/ppsjc\/wp-content\/uploads\/2020\/03\/dormitorio.png 600w, https:\/\/clunyportugal.com\/ppsjc\/wp-content\/uploads\/2020\/03\/dormitorio-300x199.png 300w, https:\/\/clunyportugal.com\/ppsjc\/wp-content\/uploads\/2020\/03\/dormitorio-285x190.png 285w\" sizes=\"auto, (max-width: 600px) 100vw, 600px\" \/><\/figure>\n\n\n\n<p>Sala de 1 ano<\/p>\n\n\n\n<figure class=\"wp-block-image size-large\"><img loading=\"lazy\" decoding=\"async\" width=\"600\" height=\"398\" src=\"https:\/\/clunyportugal.com\/ppsjc\/wp-content\/uploads\/2020\/03\/sala_1ano.png\" alt=\"\" class=\"wp-image-470\" srcset=\"https:\/\/clunyportugal.com\/ppsjc\/wp-content\/uploads\/2020\/03\/sala_1ano.png 600w, https:\/\/clunyportugal.com\/ppsjc\/wp-content\/uploads\/2020\/03\/sala_1ano-300x199.png 300w, https:\/\/clunyportugal.com\/ppsjc\/wp-content\/uploads\/2020\/03\/sala_1ano-285x190.png 285w\" sizes=\"auto, (max-width: 600px) 100vw, 600px\" \/><\/figure>\n\n\n\n<p>Sala dos 2 anos<\/p>\n\n\n\n<figure class=\"wp-block-image size-large\"><img loading=\"lazy\" decoding=\"async\" width=\"600\" height=\"399\" src=\"https:\/\/clunyportugal.com\/ppsjc\/wp-content\/uploads\/2020\/03\/sala_2ano.png\" alt=\"\" class=\"wp-image-469\" srcset=\"https:\/\/clunyportugal.com\/ppsjc\/wp-content\/uploads\/2020\/03\/sala_2ano.png 600w, https:\/\/clunyportugal.com\/ppsjc\/wp-content\/uploads\/2020\/03\/sala_2ano-300x200.png 300w, https:\/\/clunyportugal.com\/ppsjc\/wp-content\/uploads\/2020\/03\/sala_2ano-570x380.png 570w, https:\/\/clunyportugal.com\/ppsjc\/wp-content\/uploads\/2020\/03\/sala_2ano-380x254.png 380w, https:\/\/clunyportugal.com\/ppsjc\/wp-content\/uploads\/2020\/03\/sala_2ano-285x190.png 285w\" sizes=\"auto, (max-width: 600px) 100vw, 600px\" \/><\/figure>\n\n\n\n<p>Sala dos 3 anos<\/p>\n\n\n\n<figure class=\"wp-block-image size-large\"><img loading=\"lazy\" decoding=\"async\" width=\"600\" height=\"399\" src=\"https:\/\/clunyportugal.com\/ppsjc\/wp-content\/uploads\/2020\/03\/sala_3ano.png\" alt=\"\" class=\"wp-image-468\" srcset=\"https:\/\/clunyportugal.com\/ppsjc\/wp-content\/uploads\/2020\/03\/sala_3ano.png 600w, https:\/\/clunyportugal.com\/ppsjc\/wp-content\/uploads\/2020\/03\/sala_3ano-300x200.png 300w, https:\/\/clunyportugal.com\/ppsjc\/wp-content\/uploads\/2020\/03\/sala_3ano-570x380.png 570w, https:\/\/clunyportugal.com\/ppsjc\/wp-content\/uploads\/2020\/03\/sala_3ano-380x254.png 380w, https:\/\/clunyportugal.com\/ppsjc\/wp-content\/uploads\/2020\/03\/sala_3ano-285x190.png 285w\" sizes=\"auto, (max-width: 600px) 100vw, 600px\" \/><\/figure>\n\n\n\n<p>Sala dos 4 anos<\/p>\n\n\n\n<figure class=\"wp-block-image size-large\"><img loading=\"lazy\" decoding=\"async\" width=\"600\" height=\"398\" src=\"https:\/\/clunyportugal.com\/ppsjc\/wp-content\/uploads\/2020\/03\/sala_4ano.png\" alt=\"\" class=\"wp-image-467\" srcset=\"https:\/\/clunyportugal.com\/ppsjc\/wp-content\/uploads\/2020\/03\/sala_4ano.png 600w, https:\/\/clunyportugal.com\/ppsjc\/wp-content\/uploads\/2020\/03\/sala_4ano-300x199.png 300w, https:\/\/clunyportugal.com\/ppsjc\/wp-content\/uploads\/2020\/03\/sala_4ano-285x190.png 285w\" sizes=\"auto, (max-width: 600px) 100vw, 600px\" \/><\/figure>\n\n\n\n<p>Sala dos 5 anos<\/p>\n\n\n\n<figure class=\"wp-block-image size-large\"><img loading=\"lazy\" decoding=\"async\" width=\"600\" height=\"397\" src=\"https:\/\/clunyportugal.com\/ppsjc\/wp-content\/uploads\/2020\/03\/sala_5ano.png\" alt=\"\" class=\"wp-image-466\" srcset=\"https:\/\/clunyportugal.com\/ppsjc\/wp-content\/uploads\/2020\/03\/sala_5ano.png 600w, https:\/\/clunyportugal.com\/ppsjc\/wp-content\/uploads\/2020\/03\/sala_5ano-300x199.png 300w, https:\/\/clunyportugal.com\/ppsjc\/wp-content\/uploads\/2020\/03\/sala_5ano-285x190.png 285w\" sizes=\"auto, (max-width: 600px) 100vw, 600px\" \/><\/figure>\n\n\n\n<p>Sala de express\u00e3o musical<\/p>\n\n\n\n<figure class=\"wp-block-image size-large\"><img loading=\"lazy\" decoding=\"async\" width=\"600\" height=\"398\" src=\"https:\/\/clunyportugal.com\/ppsjc\/wp-content\/uploads\/2020\/03\/sala_expressao_musical.png\" alt=\"\" class=\"wp-image-465\" srcset=\"https:\/\/clunyportugal.com\/ppsjc\/wp-content\/uploads\/2020\/03\/sala_expressao_musical.png 600w, https:\/\/clunyportugal.com\/ppsjc\/wp-content\/uploads\/2020\/03\/sala_expressao_musical-300x199.png 300w, https:\/\/clunyportugal.com\/ppsjc\/wp-content\/uploads\/2020\/03\/sala_expressao_musical-285x190.png 285w\" sizes=\"auto, (max-width: 600px) 100vw, 600px\" \/><\/figure>\n\n\n\n<p>Sala de express\u00e3o motora<\/p>\n\n\n\n<figure class=\"wp-block-image size-large\"><img loading=\"lazy\" decoding=\"async\" width=\"600\" height=\"398\" src=\"https:\/\/clunyportugal.com\/ppsjc\/wp-content\/uploads\/2020\/03\/sala_expressao_motora.png\" alt=\"\" class=\"wp-image-464\" srcset=\"https:\/\/clunyportugal.com\/ppsjc\/wp-content\/uploads\/2020\/03\/sala_expressao_motora.png 600w, https:\/\/clunyportugal.com\/ppsjc\/wp-content\/uploads\/2020\/03\/sala_expressao_motora-300x199.png 300w, https:\/\/clunyportugal.com\/ppsjc\/wp-content\/uploads\/2020\/03\/sala_expressao_motora-285x190.png 285w\" sizes=\"auto, (max-width: 600px) 100vw, 600px\" \/><\/figure>\n\n\n\n<p>Sal\u00e3o de acolhimento<\/p>\n\n\n\n<figure class=\"wp-block-image size-large\"><img loading=\"lazy\" decoding=\"async\" width=\"600\" height=\"400\" src=\"https:\/\/clunyportugal.com\/ppsjc\/wp-content\/uploads\/2020\/03\/sala_acolhimento.png\" alt=\"\" class=\"wp-image-463\" srcset=\"https:\/\/clunyportugal.com\/ppsjc\/wp-content\/uploads\/2020\/03\/sala_acolhimento.png 600w, https:\/\/clunyportugal.com\/ppsjc\/wp-content\/uploads\/2020\/03\/sala_acolhimento-300x200.png 300w, https:\/\/clunyportugal.com\/ppsjc\/wp-content\/uploads\/2020\/03\/sala_acolhimento-570x380.png 570w, https:\/\/clunyportugal.com\/ppsjc\/wp-content\/uploads\/2020\/03\/sala_acolhimento-380x254.png 380w, https:\/\/clunyportugal.com\/ppsjc\/wp-content\/uploads\/2020\/03\/sala_acolhimento-285x190.png 285w\" sizes=\"auto, (max-width: 600px) 100vw, 600px\" \/><\/figure>\n\n\n\n<p>Refeit\u00f3rio<\/p>\n\n\n\n<figure class=\"wp-block-gallery columns-2 is-cropped wp-block-gallery-1 is-layout-flex wp-block-gallery-is-layout-flex\"><ul class=\"blocks-gallery-grid\"><li class=\"blocks-gallery-item\"><figure><img loading=\"lazy\" decoding=\"async\" width=\"600\" height=\"400\" src=\"https:\/\/clunyportugal.com\/ppsjc\/wp-content\/uploads\/2020\/03\/refeitorio_1.png\" alt=\"\" data-id=\"462\" data-full-url=\"https:\/\/clunyportugal.com\/ppsjc\/wp-content\/uploads\/2020\/03\/refeitorio_1.png\" data-link=\"https:\/\/clunyportugal.com\/ppsjc\/refeitorio_1\/\" class=\"wp-image-462\" srcset=\"https:\/\/clunyportugal.com\/ppsjc\/wp-content\/uploads\/2020\/03\/refeitorio_1.png 600w, https:\/\/clunyportugal.com\/ppsjc\/wp-content\/uploads\/2020\/03\/refeitorio_1-300x200.png 300w, https:\/\/clunyportugal.com\/ppsjc\/wp-content\/uploads\/2020\/03\/refeitorio_1-570x380.png 570w, https:\/\/clunyportugal.com\/ppsjc\/wp-content\/uploads\/2020\/03\/refeitorio_1-380x254.png 380w, https:\/\/clunyportugal.com\/ppsjc\/wp-content\/uploads\/2020\/03\/refeitorio_1-285x190.png 285w\" sizes=\"auto, (max-width: 600px) 100vw, 600px\" \/><\/figure><\/li><li class=\"blocks-gallery-item\"><figure><img loading=\"lazy\" decoding=\"async\" width=\"600\" height=\"399\" src=\"https:\/\/clunyportugal.com\/ppsjc\/wp-content\/uploads\/2020\/03\/refeitorio_2.png\" alt=\"\" data-id=\"461\" data-full-url=\"https:\/\/clunyportugal.com\/ppsjc\/wp-content\/uploads\/2020\/03\/refeitorio_2.png\" data-link=\"https:\/\/clunyportugal.com\/ppsjc\/refeitorio_2\/\" class=\"wp-image-461\" srcset=\"https:\/\/clunyportugal.com\/ppsjc\/wp-content\/uploads\/2020\/03\/refeitorio_2.png 600w, https:\/\/clunyportugal.com\/ppsjc\/wp-content\/uploads\/2020\/03\/refeitorio_2-300x200.png 300w, https:\/\/clunyportugal.com\/ppsjc\/wp-content\/uploads\/2020\/03\/refeitorio_2-570x380.png 570w, https:\/\/clunyportugal.com\/ppsjc\/wp-content\/uploads\/2020\/03\/refeitorio_2-380x254.png 380w, https:\/\/clunyportugal.com\/ppsjc\/wp-content\/uploads\/2020\/03\/refeitorio_2-285x190.png 285w\" sizes=\"auto, (max-width: 600px) 100vw, 600px\" \/><\/figure><\/li><\/ul><\/figure>\n\n\n\n<p>Parques exteriores<\/p>\n\n\n\n<figure class=\"wp-block-gallery columns-2 is-cropped wp-block-gallery-2 is-layout-flex wp-block-gallery-is-layout-flex\"><ul class=\"blocks-gallery-grid\"><li class=\"blocks-gallery-item\"><figure><img loading=\"lazy\" decoding=\"async\" width=\"600\" height=\"398\" src=\"https:\/\/clunyportugal.com\/ppsjc\/wp-content\/uploads\/2020\/03\/parque.png\" alt=\"\" data-id=\"460\" data-full-url=\"https:\/\/clunyportugal.com\/ppsjc\/wp-content\/uploads\/2020\/03\/parque.png\" data-link=\"https:\/\/clunyportugal.com\/ppsjc\/parque\/\" class=\"wp-image-460\" srcset=\"https:\/\/clunyportugal.com\/ppsjc\/wp-content\/uploads\/2020\/03\/parque.png 600w, https:\/\/clunyportugal.com\/ppsjc\/wp-content\/uploads\/2020\/03\/parque-300x199.png 300w, https:\/\/clunyportugal.com\/ppsjc\/wp-content\/uploads\/2020\/03\/parque-285x190.png 285w\" sizes=\"auto, (max-width: 600px) 100vw, 600px\" \/><\/figure><\/li><li class=\"blocks-gallery-item\"><figure><img loading=\"lazy\" decoding=\"async\" width=\"600\" height=\"399\" src=\"https:\/\/clunyportugal.com\/ppsjc\/wp-content\/uploads\/2020\/03\/parque_2.png\" alt=\"\" data-id=\"459\" data-full-url=\"https:\/\/clunyportugal.com\/ppsjc\/wp-content\/uploads\/2020\/03\/parque_2.png\" data-link=\"https:\/\/clunyportugal.com\/ppsjc\/parque_2\/\" class=\"wp-image-459\" srcset=\"https:\/\/clunyportugal.com\/ppsjc\/wp-content\/uploads\/2020\/03\/parque_2.png 600w, https:\/\/clunyportugal.com\/ppsjc\/wp-content\/uploads\/2020\/03\/parque_2-300x200.png 300w, https:\/\/clunyportugal.com\/ppsjc\/wp-content\/uploads\/2020\/03\/parque_2-570x380.png 570w, https:\/\/clunyportugal.com\/ppsjc\/wp-content\/uploads\/2020\/03\/parque_2-380x254.png 380w, https:\/\/clunyportugal.com\/ppsjc\/wp-content\/uploads\/2020\/03\/parque_2-285x190.png 285w\" sizes=\"auto, (max-width: 600px) 100vw, 600px\" \/><\/figure><\/li><li class=\"blocks-gallery-item\"><figure><img loading=\"lazy\" decoding=\"async\" width=\"600\" height=\"399\" src=\"https:\/\/clunyportugal.com\/ppsjc\/wp-content\/uploads\/2020\/03\/parque_3.png\" alt=\"\" data-id=\"458\" data-full-url=\"https:\/\/clunyportugal.com\/ppsjc\/wp-content\/uploads\/2020\/03\/parque_3.png\" data-link=\"https:\/\/clunyportugal.com\/ppsjc\/parque_3\/\" class=\"wp-image-458\" srcset=\"https:\/\/clunyportugal.com\/ppsjc\/wp-content\/uploads\/2020\/03\/parque_3.png 600w, https:\/\/clunyportugal.com\/ppsjc\/wp-content\/uploads\/2020\/03\/parque_3-300x200.png 300w, https:\/\/clunyportugal.com\/ppsjc\/wp-content\/uploads\/2020\/03\/parque_3-570x380.png 570w, https:\/\/clunyportugal.com\/ppsjc\/wp-content\/uploads\/2020\/03\/parque_3-380x254.png 380w, https:\/\/clunyportugal.com\/ppsjc\/wp-content\/uploads\/2020\/03\/parque_3-285x190.png 285w\" sizes=\"auto, (max-width: 600px) 100vw, 600px\" \/><\/figure><\/li><\/ul><\/figure>\n","protected":false},"excerpt":{"rendered":"<p>Centro Social de S\u00e3o Jos\u00e9 de Cluny O Centro Social S. Jos\u00e9 de Cluny, sito na Rua S. Jos\u00e9 de Cluny, n\u00ba 23, lugar de Famalic\u00e3o, Freguesia de Arcos, Anadia e distrito de Aveiro \u00e9 uma resposta jur\u00eddica can\u00f3nica de natureza p\u00fablica, criada em 1923 por iniciativa da Prov\u00edncia Portuguesa da Congrega\u00e7\u00e3o de S. Jos\u00e9 [&hellip;]<\/p>\n<p class=\"more-link\"><a href=\"https:\/\/clunyportugal.com\/ppsjc\/centro-social-de-sao-jose-de-cluny\/\"  class=\"themebutton\">Read More<\/a><\/p>\n","protected":false},"author":1,"featured_media":467,"parent":0,"menu_order":0,"comment_status":"closed","ping_status":"closed","template":"","meta":{"footnotes":""},"categories":[13],"tags":[],"class_list":["post-453","page","type-page","status-publish","has-post-thumbnail","hentry","category-ipss"],"_links":{"self":[{"href":"https:\/\/clunyportugal.com\/ppsjc\/wp-json\/wp\/v2\/pages\/453","targetHints":{"allow":["GET"]}}],"collection":[{"href":"https:\/\/clunyportugal.com\/ppsjc\/wp-json\/wp\/v2\/pages"}],"about":[{"href":"https:\/\/clunyportugal.com\/ppsjc\/wp-json\/wp\/v2\/types\/page"}],"author":[{"embeddable":true,"href":"https:\/\/clunyportugal.com\/ppsjc\/wp-json\/wp\/v2\/users\/1"}],"replies":[{"embeddable":true,"href":"https:\/\/clunyportugal.com\/ppsjc\/wp-json\/wp\/v2\/comments?post=453"}],"version-history":[{"count":4,"href":"https:\/\/clunyportugal.com\/ppsjc\/wp-json\/wp\/v2\/pages\/453\/revisions"}],"predecessor-version":[{"id":531,"href":"https:\/\/clunyportugal.com\/ppsjc\/wp-json\/wp\/v2\/pages\/453\/revisions\/531"}],"wp:featuredmedia":[{"embeddable":true,"href":"https:\/\/clunyportugal.com\/ppsjc\/wp-json\/wp\/v2\/media\/467"}],"wp:attachment":[{"href":"https:\/\/clunyportugal.com\/ppsjc\/wp-json\/wp\/v2\/media?parent=453"}],"wp:term":[{"taxonomy":"category","embeddable":true,"href":"https:\/\/clunyportugal.com\/ppsjc\/wp-json\/wp\/v2\/categories?post=453"},{"taxonomy":"post_tag","embeddable":true,"href":"https:\/\/clunyportugal.com\/ppsjc\/wp-json\/wp\/v2\/tags?post=453"}],"curies":[{"name":"wp","href":"https:\/\/api.w.org\/{rel}","templated":true}]}}