{"id":385,"date":"2020-03-02T18:36:11","date_gmt":"2020-03-02T18:36:11","guid":{"rendered":"https:\/\/clunyportugal.com\/ppsjc\/?page_id=385"},"modified":"2025-05-27T08:52:44","modified_gmt":"2025-05-27T08:52:44","slug":"csic-centro-de-solidariedade-da-imaculada-conceicao","status":"publish","type":"page","link":"https:\/\/clunyportugal.com\/ppsjc\/csic-centro-de-solidariedade-da-imaculada-conceicao\/","title":{"rendered":"CSIC &#8211; Centro de Solidariedade da Imaculada Concei\u00e7\u00e3o"},"content":{"rendered":"\n<p class=\"has-black-color has-text-color has-medium-font-size\"><strong>Relat\u00f3rio e Contas 2024<\/strong><\/p>\n\n\n\n<p><a href=\"https:\/\/clunyportugal.com\/ppsjc\/wp-content\/uploads\/2025\/05\/CSIConceicao_balanco.pdf\" target=\"_blank\" rel=\"noreferrer noopener\">Demonstra\u00e7\u00f5es Financeiras<\/a><\/p>\n\n\n\n<p class=\"has-black-color has-text-color has-medium-font-size\"><strong>Relat\u00f3rio e Contas 2023<\/strong><\/p>\n\n\n\n<p><a href=\"http:\/\/www.crsi.pt\/wp-content\/uploads\/2024\/05\/CSIC_CONTAS_ASSIN_BRAGA_2023.pdf\">Demonstra\u00e7\u00f5es Financeiras<\/a><\/p>\n\n\n\n<p class=\"has-black-color has-text-color has-medium-font-size\"><strong>Relat\u00f3rio e Contas 2022<\/strong><\/p>\n\n\n\n<p><a href=\"https:\/\/clunyportugal.com\/ppsjc\/wp-content\/uploads\/2023\/05\/CSIC_braga_2022.pdf\" target=\"_blank\" rel=\"noreferrer noopener\">Demonstra\u00e7\u00f5es Financeiras<\/a><\/p>\n\n\n\n<p class=\"has-black-color has-text-color has-medium-font-size\"><strong>Relat\u00f3rio e Contas 2021<\/strong><\/p>\n\n\n\n<p><a href=\"https:\/\/clunyportugal.com\/ppsjc\/wp-content\/uploads\/2022\/05\/Relatorio_Contas_CSIC_Braga_21.pdf\">Demonstra\u00e7\u00f5es Financeiras<\/a><\/p>\n\n\n\n<p class=\"has-black-color has-text-color has-medium-font-size\"><strong>Relat\u00f3rio e Contas 2020<\/strong><\/p>\n\n\n\n<p><a href=\"https:\/\/clunyportugal.com\/ppsjc\/wp-content\/uploads\/2021\/07\/contas_Braga_2020.pdf\" target=\"_blank\" rel=\"noreferrer noopener\">Demonstra\u00e7\u00f5es Financeiras<\/a><\/p>\n\n\n\n<p class=\"has-black-color has-text-color has-medium-font-size\"><strong>Relat\u00f3rio e Contas 2019<\/strong><\/p>\n\n\n\n<p><a href=\"https:\/\/clunyportugal.com\/ppsjc\/wp-content\/uploads\/2020\/09\/CSIM_bbraga_demonstracoes_19.pdf\" target=\"_blank\" rel=\"noreferrer noopener\">Demonstra\u00e7\u00f5es Financeiras<\/a><\/p>\n\n\n\n<p class=\"has-black-color has-text-color has-medium-font-size\"><strong>Relat\u00f3rio e Contas 2018<\/strong><\/p>\n\n\n\n<p><a rel=\"noreferrer noopener\" aria-label=\"Demonstra\u00e7\u00f5es Financeiras (abre num novo separador)\" href=\"https:\/\/clunyportugal.com\/ppsjc\/wp-content\/uploads\/2020\/03\/braga_2018.pdf\" target=\"_blank\">Demonstra\u00e7\u00f5es Financeiras<\/a><\/p>\n\n\n\n<p class=\"has-black-color has-text-color has-medium-font-size\"><strong>Relat\u00f3rio e Contas 2017<\/strong><\/p>\n\n\n\n<p><a href=\"https:\/\/clunyportugal.com\/ppsjc\/wp-content\/uploads\/2020\/03\/contas_CSIC_2017.pdf\" target=\"_blank\" rel=\"noreferrer noopener\" aria-label=\"Demonstra\u00e7\u00f5es Financeiras (abre num novo separador)\">Demonstra\u00e7\u00f5es Financeiras<\/a><\/p>\n\n\n\n<p class=\"has-black-color has-text-color has-medium-font-size\"><strong>Relat\u00f3rio e Contas 2016<\/strong><\/p>\n\n\n\n<p><a rel=\"noreferrer noopener\" aria-label=\"Relat\u00f3rio e Parecer (abre num novo separador)\" href=\"https:\/\/clunyportugal.com\/ppsjc\/wp-content\/uploads\/2020\/03\/balanco_2016.pdf\" target=\"_blank\">Relat\u00f3rio e Parecer<\/a><br><a rel=\"noreferrer noopener\" aria-label=\"Balan\u00e7o do Exerc\u00edcio (abre num novo separador)\" href=\"https:\/\/clunyportugal.com\/ppsjc\/wp-content\/uploads\/2020\/03\/anexo_2016.pdf\" target=\"_blank\">Balan\u00e7o do Exerc\u00edcio<\/a><\/p>\n\n\n\n<p class=\"has-black-color has-text-color has-medium-font-size\"><strong>Relat\u00f3rio e Contas 2015<\/strong><\/p>\n\n\n\n<p><a rel=\"noreferrer noopener\" aria-label=\"Relat\u00f3rio e Parecer (abre num novo separador)\" href=\"https:\/\/clunyportugal.com\/ppsjc\/wp-content\/uploads\/2020\/03\/relatorio_csic_2015.pdf\" target=\"_blank\">Relat\u00f3rio e Parecer<\/a><br><a rel=\"noreferrer noopener\" aria-label=\"Balan\u00e7o do Exerc\u00edcio (abre num novo separador)\" href=\"https:\/\/clunyportugal.com\/ppsjc\/wp-content\/uploads\/2020\/03\/balanco_csic_2015.pdf\" target=\"_blank\">Balan\u00e7o do Exerc\u00edcio<\/a><\/p>\n","protected":false},"excerpt":{"rendered":"<p>Relat\u00f3rio e Contas 2024 Demonstra\u00e7\u00f5es Financeiras Relat\u00f3rio e Contas 2023 Demonstra\u00e7\u00f5es Financeiras Relat\u00f3rio e Contas 2022 Demonstra\u00e7\u00f5es Financeiras Relat\u00f3rio e Contas 2021 Demonstra\u00e7\u00f5es Financeiras Relat\u00f3rio e Contas 2020 Demonstra\u00e7\u00f5es Financeiras Relat\u00f3rio e Contas 2019 Demonstra\u00e7\u00f5es Financeiras Relat\u00f3rio e Contas 2018 Demonstra\u00e7\u00f5es Financeiras Relat\u00f3rio e Contas 2017 Demonstra\u00e7\u00f5es Financeiras Relat\u00f3rio e Contas 2016 Relat\u00f3rio e ParecerBalan\u00e7o [&hellip;]<\/p>\n<p class=\"more-link\"><a href=\"https:\/\/clunyportugal.com\/ppsjc\/csic-centro-de-solidariedade-da-imaculada-conceicao\/\"  class=\"themebutton\">Read More<\/a><\/p>\n","protected":false},"author":1,"featured_media":389,"parent":0,"menu_order":0,"comment_status":"closed","ping_status":"closed","template":"","meta":{"footnotes":""},"categories":[13],"tags":[],"class_list":["post-385","page","type-page","status-publish","has-post-thumbnail","hentry","category-ipss"],"_links":{"self":[{"href":"https:\/\/clunyportugal.com\/ppsjc\/wp-json\/wp\/v2\/pages\/385","targetHints":{"allow":["GET"]}}],"collection":[{"href":"https:\/\/clunyportugal.com\/ppsjc\/wp-json\/wp\/v2\/pages"}],"about":[{"href":"https:\/\/clunyportugal.com\/ppsjc\/wp-json\/wp\/v2\/types\/page"}],"author":[{"embeddable":true,"href":"https:\/\/clunyportugal.com\/ppsjc\/wp-json\/wp\/v2\/users\/1"}],"replies":[{"embeddable":true,"href":"https:\/\/clunyportugal.com\/ppsjc\/wp-json\/wp\/v2\/comments?post=385"}],"version-history":[{"count":27,"href":"https:\/\/clunyportugal.com\/ppsjc\/wp-json\/wp\/v2\/pages\/385\/revisions"}],"predecessor-version":[{"id":2217,"href":"https:\/\/clunyportugal.com\/ppsjc\/wp-json\/wp\/v2\/pages\/385\/revisions\/2217"}],"wp:featuredmedia":[{"embeddable":true,"href":"https:\/\/clunyportugal.com\/ppsjc\/wp-json\/wp\/v2\/media\/389"}],"wp:attachment":[{"href":"https:\/\/clunyportugal.com\/ppsjc\/wp-json\/wp\/v2\/media?parent=385"}],"wp:term":[{"taxonomy":"category","embeddable":true,"href":"https:\/\/clunyportugal.com\/ppsjc\/wp-json\/wp\/v2\/categories?post=385"},{"taxonomy":"post_tag","embeddable":true,"href":"https:\/\/clunyportugal.com\/ppsjc\/wp-json\/wp\/v2\/tags?post=385"}],"curies":[{"name":"wp","href":"https:\/\/api.w.org\/{rel}","templated":true}]}}