{"id":213,"date":"2020-03-01T21:24:52","date_gmt":"2020-03-01T21:24:52","guid":{"rendered":"https:\/\/clunyportugal.com\/ppsjc\/?page_id=213"},"modified":"2020-04-30T22:23:14","modified_gmt":"2020-04-30T22:23:14","slug":"contactos","status":"publish","type":"page","link":"https:\/\/clunyportugal.com\/ppsjc\/contactos\/","title":{"rendered":"Contactos"},"content":{"rendered":"\n<p class=\"has-small-font-size\"><a rel=\"noreferrer noopener\" aria-label=\"Regras de Prote\u00e7\u00e3o de Dados (abre num novo separador)\" href=\"https:\/\/clunyportugal.com\/ppsjc\/regras-de-protecao-de-dados\/\" target=\"_blank\">Regras de Prote\u00e7\u00e3o de Dados<\/a> <strong>RGPD&nbsp;da PPSJC<\/strong><br>(N\u00e3o preencha qualquer dado caso n\u00e3o autorize partilhar informa\u00e7\u00f5es suas com a PPSJC)<\/p>\n\n\n\n\n<div class=\"wpcf7 no-js\" id=\"wpcf7-f313-o1\" lang=\"pt-PT\" dir=\"ltr\" data-wpcf7-id=\"313\">\n<div class=\"screen-reader-response\"><p role=\"status\" aria-live=\"polite\" aria-atomic=\"true\"><\/p> <ul><\/ul><\/div>\n<form action=\"\/ppsjc\/wp-json\/wp\/v2\/pages\/213#wpcf7-f313-o1\" method=\"post\" class=\"wpcf7-form init\" aria-label=\"Formul\u00e1rio de contacto\" novalidate=\"novalidate\" data-status=\"init\">\n<fieldset class=\"hidden-fields-container\"><input type=\"hidden\" name=\"_wpcf7\" value=\"313\" \/><input type=\"hidden\" name=\"_wpcf7_version\" value=\"6.1.5\" \/><input type=\"hidden\" name=\"_wpcf7_locale\" value=\"pt_PT\" \/><input type=\"hidden\" name=\"_wpcf7_unit_tag\" value=\"wpcf7-f313-o1\" \/><input type=\"hidden\" name=\"_wpcf7_container_post\" value=\"0\" \/><input type=\"hidden\" name=\"_wpcf7_posted_data_hash\" value=\"\" \/>\n<\/fieldset>\n<p><label> O seu nome (obrigat\u00f3rio)<br \/>\n<span class=\"wpcf7-form-control-wrap\" data-name=\"your-name\"><input size=\"40\" maxlength=\"400\" class=\"wpcf7-form-control wpcf7-text wpcf7-validates-as-required\" aria-required=\"true\" aria-invalid=\"false\" value=\"\" type=\"text\" name=\"your-name\" \/><\/span> <\/label>\n<\/p>\n<p><label> O seu email (obrigat\u00f3rio)<br \/>\n<span class=\"wpcf7-form-control-wrap\" data-name=\"your-email\"><input size=\"40\" maxlength=\"400\" class=\"wpcf7-form-control wpcf7-email wpcf7-validates-as-required wpcf7-text wpcf7-validates-as-email\" aria-required=\"true\" aria-invalid=\"false\" value=\"\" type=\"email\" name=\"your-email\" \/><\/span> <\/label>\n<\/p>\n<p><label> Assunto<br \/>\n<span class=\"wpcf7-form-control-wrap\" data-name=\"your-subject\"><input size=\"40\" maxlength=\"400\" class=\"wpcf7-form-control wpcf7-text\" aria-invalid=\"false\" value=\"\" type=\"text\" name=\"your-subject\" \/><\/span> <\/label>\n<\/p>\n<p><label> A sua mensagem<br \/>\n<span class=\"wpcf7-form-control-wrap\" data-name=\"your-message\"><textarea cols=\"40\" rows=\"10\" maxlength=\"2000\" class=\"wpcf7-form-control wpcf7-textarea\" aria-invalid=\"false\" name=\"your-message\"><\/textarea><\/span> <\/label>\n<\/p>\n<p><span class=\"wpcf7-form-control-wrap\" data-name=\"aceito\"><span class=\"wpcf7-form-control wpcf7-acceptance\"><span class=\"wpcf7-list-item\"><label><input type=\"checkbox\" name=\"aceito\" value=\"1\" id=\"aceitao\" aria-invalid=\"false\" \/><span class=\"wpcf7-list-item-label\">Concordo com as regras de RGPD<\/span><\/label><\/span><\/span><\/span>\n<\/p>\n<p><input class=\"wpcf7-form-control wpcf7-submit has-spinner\" type=\"submit\" value=\"Enviar\" \/>\n<\/p><p style=\"display: none !important;\" class=\"akismet-fields-container\" data-prefix=\"_wpcf7_ak_\"><label>&#916;<textarea name=\"_wpcf7_ak_hp_textarea\" cols=\"45\" rows=\"8\" maxlength=\"100\"><\/textarea><\/label><input type=\"hidden\" id=\"ak_js_1\" name=\"_wpcf7_ak_js\" value=\"156\"\/><script>document.getElementById( \"ak_js_1\" ).setAttribute( \"value\", ( new Date() ).getTime() );<\/script><\/p><div class=\"wpcf7-response-output\" aria-hidden=\"true\"><\/div>\n<\/form>\n<\/div>\n\n\n\n\n<p><\/p>\n\n\n\n<hr class=\"wp-block-separator is-style-wide\"\/>\n\n\n\n<p><strong>Casa Provincial<\/strong><br><strong>E-mail:\u00a0<\/strong><a href=\"mailto:clunydaprovincial@gmail.com\">clunydaprovincial@gmail.com<\/a><br><strong>Comunidade Cora\u00e7\u00e3o Imaculado de Maria \u2013 F\u00c1TIMA<\/strong><br>Av. Beato Nuno, 272 <br>tel: 249 530 250<br>2495-401 F\u00e1tima<br>PORTUGAL<br><strong>E-mail:\u00a0<\/strong><a href=\"mailto:clunydaprovincial@gmail.com\"><a href=\"mailto:fatimacluny54@gmail.com\">fatimacluny54@gmail.com<\/a><\/a><\/p>\n\n\n\n<iframe loading=\"lazy\" src=\"https:\/\/www.google.com\/maps\/embed?pb=!1m18!1m12!1m3!1d1049.3065764357998!2d-8.674132075238022!3d39.63733855432059!2m3!1f0!2f0!3f0!3m2!1i1024!2i768!4f13.1!3m3!1m2!1s0xd189dde5ef48c55%3A0x578cfcbc47d71b44!2zSXJtw6NzIGRlIFPDo28gSm9zw6kgZGUgQ2x1bnk!5e0!3m2!1spt-PT!2spt!4v1583097960147!5m2!1spt-PT!2spt\" width=\"600\" height=\"450\" frameborder=\"0\" style=\"border:0;\" allowfullscreen=\"\"><\/iframe>\n\n\n\n<hr class=\"wp-block-separator is-style-wide\"\/>\n\n\n\n<p class=\"has-text-color has-vivid-cyan-blue-color\"><strong>Casa M\u00e3e<\/strong><br>21 rue M\u00e9chain tel. (00 331) 47 07 95 72<br>7514 PARIS<\/p>\n\n\n\n<p><strong>Centro de Bem Estar Infantil<\/strong><br><strong>Comunidade Nossa Senhora da Confian\u00e7a<\/strong><br>Av. dos Combatentes, 1<br>2460-039 ALCOBA\u00c7A<br>Tel: 262 581 053<br><strong>E-mail:\u00a0<\/strong><a href=\"mailto:cnsc.sjc@gmail.com\">cnsc.sjc@gmail.com<\/a><\/p>\n\n\n\n<p><strong>Col\u00e9gio de N\u00aa S\u00aa da Assun\u00e7\u00e3o<\/strong><br><strong>Comunidade Nossa Senhora da Paz <\/strong><br>Rua de S. Jos\u00e9 de Cluny &#8211; Famalic\u00e3o&nbsp;<br>3780-292 ANADIA<br>Tel: 231 510 500<\/p>\n\n\n\n<p><strong>Centro Social de S. Jos\u00e9 de Cluny<\/strong><br><strong>Comunidade Santa Teresa <\/strong><br>Rua S. Jos\u00e9 de Cluny, 23 Famalic\u00e3o <br>3780-292 ANADIA<br>Tel: 231 504 167<br><strong>E-mail:\u00a0<\/strong>\u00a0<a rel=\"noreferrer noopener\" href=\"mailto:centrocluny86@gmail.com\" target=\"_blank\">centrocluny86@gmail.com<\/a><\/p>\n\n\n\n<p><strong>Col\u00e9gio Mission\u00e1rio<\/strong><br><strong>Comunidade Sagrada Fam\u00edlia\u00a0&#8211; Nogueir\u00f3<\/strong><br>Apartado 72 \u2013 Rua de S. Jos\u00e9 de Cluny<br>470 \u2013 211 BRAGA<br>Tel: 253 603 190 \/ Fax: 253 603 199<br><strong>E-mail:\u00a0<\/strong><a href=\"mailto:sfnogueiro@gmail.com\">sfnogueiro@gmail.com<\/a><\/p>\n\n\n\n<p><strong>Centro de Solidariedade da I. Concei\u00e7\u00e3o<\/strong><br><strong>Comunidade Sagrado Cora\u00e7\u00e3o\u00a0<\/strong><br>Rua de S. Geraldo, 24<br>4700-041 BRAGA<br>Tel: 253 263 314<br><strong>E-mail:\u00a0<\/strong><a href=\"mailto:sagcor.cluny@gmail.com\">sagcor.cluny@gmail.com<\/a><\/p>\n\n\n\n<p><strong>Col\u00e9gio da Rainha Santa Isabel<\/strong><br><strong>Comunidade Rainha Santa Isabel\u00a0<\/strong><br>Rua do Brasil, 41<br>3030-175 COIMBRA<br>Tel: 239 793 960<br><strong>E-mail:<\/strong>\u00a0<a href=\"mailto:c.rainhasanta@gmail.com\">c.rainhasanta@gmail.com<\/a><\/p>\n\n\n\n<p><strong>Centro Social Par. S. Sebasti\u00e3o da Pedreira<\/strong><br><strong>Comunidade Santo Ant\u00f3nio\u00a0<\/strong><br>Rua Tom\u00e1s Ribeiro, 62<br>1050-231 LISBOA<br>Tel: 213 546 110<br><strong>E-mail:\u00a0<\/strong><a href=\"mailto:clunylisboa62@gmail.com\">clunylisboa62@gmail.com<\/a><\/p>\n\n\n\n<p><strong>Centro Social do Menino Deus<\/strong><br><strong>Comunidade Menino Deus\u00a0<\/strong><br>Cal\u00e7ada do Menino Deus, 27<br>1100-346 LISBOA<br>Tel: 218 885 650<br><strong>E-mail:\u00a0<\/strong><a href=\"mailto:comeninodeus@gmail.com\">comeninodeus@gmail.com<\/a><\/p>\n\n\n\n<p><strong>Irm\u00e3s de S. Jos\u00e9 de Cluny<\/strong><br><strong>Comunidade S. Jo\u00e3o de&nbsp;Deus<\/strong><br>Rua Congrega\u00e7\u00e3o S. Jos\u00e9 de Cluny, 8<br>7450-123 MONFORTE<br>Tel: 245 573 254<\/p>\n\n\n\n<p><strong>Lar Universit\u00e1rio S. Jos\u00e9 de Cluny<\/strong><br><strong>Comunidade Nossa Senhora do Bom Conselho\u00a0<\/strong><br>Rua do Breiner, 401\u00a0<br>4050-127 PORTO<br>Tel: 226 093 952<br><strong>E-mail:\u00a0<\/strong><a href=\"mailto:clunyporto@gmail.com\">clunyporto@gmail.com<\/a><\/p>\n\n\n\n<p><strong>Irm\u00e3s de S. Jos\u00e9 de Cluny<\/strong><br><strong>Comunidade Nossa Senhora da Muxima\u00a0<\/strong><br>Rua do Crasto, 998<br>4150-244 PORTO<br>Tel: 226 183 031<br><strong>E-mail:\u00a0<\/strong><a href=\"mailto:sjose.clunyportofoz@gmail.com\">sjose.clunyportofoz@gmail.com<\/a><\/p>\n\n\n\n<p><strong>Irm\u00e3s de S. Jos\u00e9 de Cluny<\/strong><br><strong>Comunidade S. Jos\u00e9<\/strong> <strong>&#8211; Candosa<\/strong><br>Resid\u00eancia Paroquial de Candosa<br>Rua da Costa, n\u00ba 3<br>3420-021 T\u00c1BUA<br>Tel: 235 412 415<br><strong>E-mail:\u00a0<\/strong><a href=\"mailto:comunidadecandosa@gmail.com\">comunidadecandosa@gmail.com<\/a><\/p>\n\n\n\n<p><strong>Casa de S. Jos\u00e9 de Cluny<\/strong><br><strong>Comunidade Nossa Senhora do Ros\u00e1rio\u00a0<\/strong><br>Rua de S. Jos\u00e9, n\u00ba12<br>2350-525 TORRES NOVAS<br>Tel: 249 839 180<br><strong>E-mail:\u00a0<\/strong><a href=\"mailto:cluny.torres@gmail.com\">cluny.torres@gmail.com<\/a><\/p>\n\n\n\n<p><strong>Col\u00e9gio de S. Francisco Xavier<\/strong><br><strong>Comunidade S. Francisco Xavier\u00a0<\/strong><br>Rua Agostinho Pacheco<br>9500 &#8211; 015 PONTA DELGADA<br>Tel: 296 205 200<br><strong>E-mail:\u00a0<\/strong><a rel=\"noreferrer noopener\" href=\"mailto:comunxavier@gmail.com\" target=\"_blank\">comunxavier@gmail.com<\/a><\/p>\n\n\n\n<p><strong>Escola Superior de Enfermagem<\/strong><br><strong>Comunidade Esp\u00edrito Santo\u00a0<\/strong><br>Caminho do Monte, 111<br>9050-288 FUNCHAL<br>Tel: 291 743 359 \/ 444 \/ 291 743 445 \/ 291 742 359<br><strong>E-mail:<\/strong>\u00a0\u00a0<a rel=\"noreferrer noopener\" href=\"mailto:comunidadeesanto176@gmail.com\" target=\"_blank\">comunidadeesanto176@gmail.com<\/a><\/p>\n\n\n\n<p><strong>Funda\u00e7\u00e3o D. Jacinta O. Pereira<\/strong><br><strong>Comunidade Cora\u00e7\u00e3o de Jesus\u00a0<\/strong><br>R. Capit\u00e3o Armando Pinto Correia, n\u00ba 37<br>9325-023 ESTREITO DE C\u00c2MARA DE LOBOS<br>Tel: 291 945 475<br><strong>E-mail:\u00a0<\/strong><a href=\"mailto:estreitocoracaodejesus@gmail.com\">estreitocoracaodejesus@gmail.com<\/a><\/p>\n\n\n\n<p><strong>Irm\u00e3s de S. Jos\u00e9 de Cluny<\/strong><br><strong>Comunidade Nossa Senhora da Assun\u00e7\u00e3o\u00a0<\/strong><br>Largo da Pra\u00e7a, 5<br>5360-232 VALTORNO &#8211; VILA FL\u00d4R<br>Tel: 278 639 100<br><strong>E-mail:\u00a0<\/strong><a href=\"mailto:valtorno2014@gmail.com\">valtorno2014@gmail.com<\/a><br><\/p>\n","protected":false},"excerpt":{"rendered":"<p>Regras de Prote\u00e7\u00e3o de Dados RGPD&nbsp;da PPSJC(N\u00e3o preencha qualquer dado caso n\u00e3o autorize partilhar informa\u00e7\u00f5es suas com a PPSJC) Casa ProvincialE-mail:\u00a0clunydaprovincial@gmail.comComunidade Cora\u00e7\u00e3o Imaculado de Maria \u2013 F\u00c1TIMAAv. Beato Nuno, 272 tel: 249 530 2502495-401 F\u00e1timaPORTUGALE-mail:\u00a0fatimacluny54@gmail.com Casa M\u00e3e21 rue M\u00e9chain tel. (00 331) 47 07 95 727514 PARIS Centro de Bem Estar InfantilComunidade Nossa Senhora da [&hellip;]<\/p>\n<p class=\"more-link\"><a href=\"https:\/\/clunyportugal.com\/ppsjc\/contactos\/\"  class=\"themebutton\">Read More<\/a><\/p>\n","protected":false},"author":1,"featured_media":0,"parent":0,"menu_order":0,"comment_status":"closed","ping_status":"closed","template":"","meta":{"footnotes":""},"categories":[],"tags":[],"class_list":["post-213","page","type-page","status-publish","hentry"],"_links":{"self":[{"href":"https:\/\/clunyportugal.com\/ppsjc\/wp-json\/wp\/v2\/pages\/213","targetHints":{"allow":["GET"]}}],"collection":[{"href":"https:\/\/clunyportugal.com\/ppsjc\/wp-json\/wp\/v2\/pages"}],"about":[{"href":"https:\/\/clunyportugal.com\/ppsjc\/wp-json\/wp\/v2\/types\/page"}],"author":[{"embeddable":true,"href":"https:\/\/clunyportugal.com\/ppsjc\/wp-json\/wp\/v2\/users\/1"}],"replies":[{"embeddable":true,"href":"https:\/\/clunyportugal.com\/ppsjc\/wp-json\/wp\/v2\/comments?post=213"}],"version-history":[{"count":20,"href":"https:\/\/clunyportugal.com\/ppsjc\/wp-json\/wp\/v2\/pages\/213\/revisions"}],"predecessor-version":[{"id":992,"href":"https:\/\/clunyportugal.com\/ppsjc\/wp-json\/wp\/v2\/pages\/213\/revisions\/992"}],"wp:attachment":[{"href":"https:\/\/clunyportugal.com\/ppsjc\/wp-json\/wp\/v2\/media?parent=213"}],"wp:term":[{"taxonomy":"category","embeddable":true,"href":"https:\/\/clunyportugal.com\/ppsjc\/wp-json\/wp\/v2\/categories?post=213"},{"taxonomy":"post_tag","embeddable":true,"href":"https:\/\/clunyportugal.com\/ppsjc\/wp-json\/wp\/v2\/tags?post=213"}],"curies":[{"name":"wp","href":"https:\/\/api.w.org\/{rel}","templated":true}]}}