{"id":198,"date":"2020-03-01T21:22:56","date_gmt":"2020-03-01T21:22:56","guid":{"rendered":"https:\/\/clunyportugal.com\/ppsjc\/?page_id=198"},"modified":"2020-04-28T08:15:18","modified_gmt":"2020-04-28T08:15:18","slug":"formacao-em-s-jose-de-cluny","status":"publish","type":"page","link":"https:\/\/clunyportugal.com\/ppsjc\/formacao-em-s-jose-de-cluny\/","title":{"rendered":"Forma\u00e7\u00e3o em S. Jos\u00e9 de Cluny"},"content":{"rendered":"\n<figure class=\"wp-block-image size-large is-resized\"><img loading=\"lazy\" decoding=\"async\" src=\"https:\/\/clunyportugal.com\/ppsjc\/wp-content\/uploads\/2020\/03\/oracao_2.png\" alt=\"\" class=\"wp-image-211\" width=\"582\" height=\"437\" srcset=\"https:\/\/clunyportugal.com\/ppsjc\/wp-content\/uploads\/2020\/03\/oracao_2.png 500w, https:\/\/clunyportugal.com\/ppsjc\/wp-content\/uploads\/2020\/03\/oracao_2-300x225.png 300w, https:\/\/clunyportugal.com\/ppsjc\/wp-content\/uploads\/2020\/03\/oracao_2-380x285.png 380w, https:\/\/clunyportugal.com\/ppsjc\/wp-content\/uploads\/2020\/03\/oracao_2-285x214.png 285w\" sizes=\"auto, (max-width: 582px) 100vw, 582px\" \/><\/figure>\n\n\n\n<p>\u201cDeus Pai \u00e9 o formador por excel\u00eancia&#8230; a forma\u00e7\u00e3o \u00e9 a participa\u00e7\u00e3o na ac\u00e7\u00e3o do Pai que, atrav\u00e9s do esp\u00edrito, plasma no cora\u00e7\u00e3o dos jovens e das jovens os sentimentos do Filho\u201d (V.C. 66)<br>Jesus de Nazar\u00e9<\/p>\n\n\n\n<p><strong>Objectivos da Forma\u00e7\u00e3o Inicial<\/strong><\/p>\n\n\n\n<p>&#8211; Ajudar a jovem a fazer o discernimento do apelo do Senhor sobre si pr\u00f3pria, para que possa assumir a responsabilidade e o compromisso da sua resposta de amor de forma livre e consciente.<br><br>&#8211; Criar condi\u00e7\u00f5es favor\u00e1veis para que a jovem estabele\u00e7a e consolide uma rela\u00e7\u00e3o pessoal com Deus &#8211; Amor<\/p>\n\n\n\n<p>&#8211; Proporcionar uma forma\u00e7\u00e3o b\u00edblica e doutrinal que permita \u00e0 candidata uma melhor compreens\u00e3o da miss\u00e3o e do valor da vida consagrada, na Igreja e no mundo de hoje.<\/p>\n\n\n\n<p>&#8211; Iniciar uma experi\u00eancia de vida comunit\u00e1ria, com as suas alegrias, sonhos e exig\u00eancias, inerentes a uma caminhada conjunta para a santidade.&nbsp;<\/p>\n\n\n\n<p>&#8211; Interiorizar o que significa seguir Cristo obediente, pobre e casto em ordem \u00e0 viv\u00eancia dos votos.<\/p>\n\n\n\n<p>&#8211; Estudar o carisma e a espiritualidade da Congrega\u00e7\u00e3o assim como a Vida de Ana Maria Javouhey.<\/p>\n\n\n\n<p>&#8211; Desenvolver humana e espiritualmente as Jovens segundo os carismas e talentos pessoais, para que cada uma seja uma irradia\u00e7\u00e3o de Ana Maria:<\/p>\n\n\n\n<p>&#8211; Ana Maria \u00e9 a adolescente intr\u00e9pida que, em plena Revolu\u00e7\u00e3o Francesa,&nbsp;<br>conduz padres proscritos e catequiza as crian\u00e7as das aldeias vizinhas.<br><br>&#8211; \u00c9 a jovem \u00e0 escuta de Deus, consagrando-se a ELE sem reservas. \u00c9 a&nbsp;<br>ap\u00f3stola de zelo incans\u00e1vel, cujo exemplo arrasta e cuja voz nunca se cala.<br><br>&#8211; \u00c9 a mulher forte, que Deus cumula de dotes excepcionais para a obra a que a destina: espont\u00e2nea mas cheia de sabedoria, de car\u00e1cter audacioso, prudente e reflectido.<br><br>&#8211; \u00c9 uma realizadora e um chefe. A sua intelig\u00eancia acolhe tudo mas v\u00ea com nitidez o essencial. Ao alvejar o fim, concebe os meios para o atingir e p\u00f5e m\u00e3os \u00e0 obra. Conhecer a vontade de Deus e cumpri-la \u00e9 a mesma coisa.<\/p>\n\n\n\n<p>&#8211; \u00c9 a mulher de intui\u00e7\u00f5es delicadas, cora\u00e7\u00e3o cuja riqueza nunca se esgota e cujo amor perante as ofensas se abre em generoso perd\u00e3o. \u00c9 a ap\u00f3stola que quer estar em toda a parte, insatisfeita enquanto h\u00e1 sofrimento a aliviar e pessoas a salvar.<\/p>\n\n\n\n<p>&#8211; A Irm\u00e3 que se p\u00f5e ao servi\u00e7o de todos: crian\u00e7as a instruir ,doentes a tratar, escravos a libertar, povos distantes a evangelizar. A sua F\u00e9 descobre a Vontade divina nos sinais dos tempos e nos apelos dos irm\u00e3os\u2026<\/p>\n\n\n\n<p>&#8211; \u00c9 sempre a mulher que educa\u2026 que prepara para as tarefas de amanh\u00e3\u2026 que ataca o mal pela raiz sempre aberta \u00e0s ideias novas do seu tempo, ultrapassando-as muitas vezes pela ousadia das suas concep\u00e7\u00f5es e a sua capacidade criadora.<\/p>\n\n\n\n<p>&#8211; \u00c9 a religiosa que em toda a parte anima as comunidades onde se vive o evangelho, colaborando com todos os que deus p\u00f5e no seu caminho.<\/p>\n\n\n\n<p>&#8211; \u00c9 a pessoa sempre fortalecida no contacto com Deus e na intimidade filial com Nossa Senhora, o que a torna firme na ac\u00e7\u00e3o\u2026 serena nas contradi\u00e7\u00f5es\u2026 com uma paz profunda nos revezes&#8230; caminhando sempre d\u00f3cil ao esp\u00edrito que a anima. (Ext das Constitui\u00e7\u00f5es, Cartas, Anais, Biografia)<\/p>\n\n\n\n<p><strong>Etapas na Forma\u00e7\u00e3o de uma Irm\u00e3<\/strong><\/p>\n\n\n\n<p><strong>0 &#8211; Pedido de Admiss\u00e3o&nbsp;<\/strong><br><br>Se a jovem pressente o chamamento do Senhor, a fim de O seguir como consagrada, habitualmente ap\u00f3s uma caminhada espiritual,uma pequena estadia numa comunidade religiosa, um discernimento, um apelo interior a entregar a sua vida a Deus e ao Seu Povo, uma atrac\u00e7\u00e3o pela espiritualidade e miss\u00e3o de Ana Maria Javouhey,uma mo\u00e7\u00e3o do Esp\u00edrito Santo a ouvir a Palavra de Jesus &#8211; \u201cTu, vem e segue-Me\u201d&#8230; \u201c Vinde e vede\u201d &#8211; ent\u00e3o\u2026 faz o pedido para entrar nesta fam\u00edlia Religiosa.<\/p>\n\n\n\n<p><strong>1 &#8211; Postulantado<\/strong><\/p>\n\n\n\n<figure class=\"wp-block-gallery columns-2 is-cropped wp-block-gallery-1 is-layout-flex wp-block-gallery-is-layout-flex\"><ul class=\"blocks-gallery-grid\"><li class=\"blocks-gallery-item\"><figure><img loading=\"lazy\" decoding=\"async\" width=\"1024\" height=\"768\" src=\"https:\/\/clunyportugal.com\/ppsjc\/wp-content\/uploads\/2020\/04\/postulantado_2-1024x768.png\" alt=\"\" data-id=\"871\" data-full-url=\"https:\/\/clunyportugal.com\/ppsjc\/wp-content\/uploads\/2020\/04\/postulantado_2.png\" data-link=\"https:\/\/clunyportugal.com\/ppsjc\/formacao-em-s-jose-de-cluny\/postulantado_2\/#main\" class=\"wp-image-871\" srcset=\"https:\/\/clunyportugal.com\/ppsjc\/wp-content\/uploads\/2020\/04\/postulantado_2-1024x768.png 1024w, https:\/\/clunyportugal.com\/ppsjc\/wp-content\/uploads\/2020\/04\/postulantado_2-300x225.png 300w, https:\/\/clunyportugal.com\/ppsjc\/wp-content\/uploads\/2020\/04\/postulantado_2-768x576.png 768w, https:\/\/clunyportugal.com\/ppsjc\/wp-content\/uploads\/2020\/04\/postulantado_2-380x285.png 380w, https:\/\/clunyportugal.com\/ppsjc\/wp-content\/uploads\/2020\/04\/postulantado_2-285x214.png 285w, https:\/\/clunyportugal.com\/ppsjc\/wp-content\/uploads\/2020\/04\/postulantado_2.png 1200w\" sizes=\"auto, (max-width: 1024px) 100vw, 1024px\" \/><\/figure><\/li><li class=\"blocks-gallery-item\"><figure><img loading=\"lazy\" decoding=\"async\" width=\"660\" height=\"885\" src=\"https:\/\/clunyportugal.com\/ppsjc\/wp-content\/uploads\/2020\/04\/postulantado.png\" alt=\"\" data-id=\"872\" data-full-url=\"https:\/\/clunyportugal.com\/ppsjc\/wp-content\/uploads\/2020\/04\/postulantado.png\" data-link=\"https:\/\/clunyportugal.com\/ppsjc\/formacao-em-s-jose-de-cluny\/postulantado\/#main\" class=\"wp-image-872\" srcset=\"https:\/\/clunyportugal.com\/ppsjc\/wp-content\/uploads\/2020\/04\/postulantado.png 660w, https:\/\/clunyportugal.com\/ppsjc\/wp-content\/uploads\/2020\/04\/postulantado-224x300.png 224w\" sizes=\"auto, (max-width: 660px) 100vw, 660px\" \/><\/figure><\/li><\/ul><\/figure>\n\n\n\n<p>O n\u00facleo central desta etapa \u00e9 essencialmente levar a jovem a amadurecer a sua voca\u00e7\u00e3o e proporcionar-lhe uma forma\u00e7\u00e3o humana e espiritual, em vista da sua entrada no Noviciado.&nbsp;<br><br>Esta etapa \u201c&#8230;tem como objectivo, fazer tomar verdadeira consci\u00eancia do que \u00e9 o chamamento de Deus e das rupturas que ele imp\u00f5e. Deve permitir a cada aspirante entrever as riquezas e as exig\u00eancias da Vida Religiosa, tal como \u00e9 vivida pela Congrega\u00e7\u00e3o e preparar-se para dar ao Senhor uma resposta livre e corajosa\u201d. (Const).&nbsp;<\/p>\n\n\n\n<p>Este per\u00edodo poder\u00e1 ir de 6 meses a 2 anos e \u00e9 passado numa casa da Congrega\u00e7\u00e3o, em contacto directo com a miss\u00e3o e vida das Irm\u00e3s.<\/p>\n\n\n\n<p><strong>2 &#8211; Noviciado<\/strong><\/p>\n\n\n\n<figure class=\"wp-block-gallery columns-2 is-cropped wp-block-gallery-2 is-layout-flex wp-block-gallery-is-layout-flex\"><ul class=\"blocks-gallery-grid\"><li class=\"blocks-gallery-item\"><figure><img loading=\"lazy\" decoding=\"async\" width=\"674\" height=\"900\" src=\"https:\/\/clunyportugal.com\/ppsjc\/wp-content\/uploads\/2020\/04\/nov1.png\" alt=\"\" data-id=\"806\" data-full-url=\"https:\/\/clunyportugal.com\/ppsjc\/wp-content\/uploads\/2020\/04\/nov1.png\" data-link=\"https:\/\/clunyportugal.com\/ppsjc\/formacao-em-s-jose-de-cluny\/nov1\/#main\" class=\"wp-image-806\" srcset=\"https:\/\/clunyportugal.com\/ppsjc\/wp-content\/uploads\/2020\/04\/nov1.png 674w, https:\/\/clunyportugal.com\/ppsjc\/wp-content\/uploads\/2020\/04\/nov1-225x300.png 225w\" sizes=\"auto, (max-width: 674px) 100vw, 674px\" \/><\/figure><\/li><li class=\"blocks-gallery-item\"><figure><img loading=\"lazy\" decoding=\"async\" width=\"967\" height=\"723\" src=\"https:\/\/clunyportugal.com\/ppsjc\/wp-content\/uploads\/2020\/04\/nov2.png\" alt=\"\" data-id=\"807\" data-full-url=\"https:\/\/clunyportugal.com\/ppsjc\/wp-content\/uploads\/2020\/04\/nov2.png\" data-link=\"https:\/\/clunyportugal.com\/ppsjc\/formacao-em-s-jose-de-cluny\/nov2\/#main\" class=\"wp-image-807\" srcset=\"https:\/\/clunyportugal.com\/ppsjc\/wp-content\/uploads\/2020\/04\/nov2.png 967w, https:\/\/clunyportugal.com\/ppsjc\/wp-content\/uploads\/2020\/04\/nov2-300x224.png 300w, https:\/\/clunyportugal.com\/ppsjc\/wp-content\/uploads\/2020\/04\/nov2-768x574.png 768w, https:\/\/clunyportugal.com\/ppsjc\/wp-content\/uploads\/2020\/04\/nov2-380x285.png 380w, https:\/\/clunyportugal.com\/ppsjc\/wp-content\/uploads\/2020\/04\/nov2-285x214.png 285w\" sizes=\"auto, (max-width: 967px) 100vw, 967px\" \/><\/figure><\/li><li class=\"blocks-gallery-item\"><figure><img loading=\"lazy\" decoding=\"async\" width=\"1024\" height=\"770\" src=\"https:\/\/clunyportugal.com\/ppsjc\/wp-content\/uploads\/2020\/04\/nov3-1024x770.png\" alt=\"\" data-id=\"808\" data-full-url=\"https:\/\/clunyportugal.com\/ppsjc\/wp-content\/uploads\/2020\/04\/nov3.png\" data-link=\"https:\/\/clunyportugal.com\/ppsjc\/formacao-em-s-jose-de-cluny\/nov3\/#main\" class=\"wp-image-808\" srcset=\"https:\/\/clunyportugal.com\/ppsjc\/wp-content\/uploads\/2020\/04\/nov3-1024x770.png 1024w, https:\/\/clunyportugal.com\/ppsjc\/wp-content\/uploads\/2020\/04\/nov3-300x226.png 300w, https:\/\/clunyportugal.com\/ppsjc\/wp-content\/uploads\/2020\/04\/nov3-768x577.png 768w, https:\/\/clunyportugal.com\/ppsjc\/wp-content\/uploads\/2020\/04\/nov3-380x285.png 380w, https:\/\/clunyportugal.com\/ppsjc\/wp-content\/uploads\/2020\/04\/nov3-285x214.png 285w, https:\/\/clunyportugal.com\/ppsjc\/wp-content\/uploads\/2020\/04\/nov3.png 1165w\" sizes=\"auto, (max-width: 1024px) 100vw, 1024px\" \/><\/figure><\/li><li class=\"blocks-gallery-item\"><figure><img loading=\"lazy\" decoding=\"async\" width=\"1024\" height=\"768\" src=\"https:\/\/clunyportugal.com\/ppsjc\/wp-content\/uploads\/2020\/04\/nov4-1024x768.png\" alt=\"\" data-id=\"809\" data-full-url=\"https:\/\/clunyportugal.com\/ppsjc\/wp-content\/uploads\/2020\/04\/nov4.png\" data-link=\"https:\/\/clunyportugal.com\/ppsjc\/formacao-em-s-jose-de-cluny\/nov4\/#main\" class=\"wp-image-809\" srcset=\"https:\/\/clunyportugal.com\/ppsjc\/wp-content\/uploads\/2020\/04\/nov4-1024x768.png 1024w, https:\/\/clunyportugal.com\/ppsjc\/wp-content\/uploads\/2020\/04\/nov4-300x225.png 300w, https:\/\/clunyportugal.com\/ppsjc\/wp-content\/uploads\/2020\/04\/nov4-768x576.png 768w, https:\/\/clunyportugal.com\/ppsjc\/wp-content\/uploads\/2020\/04\/nov4-380x285.png 380w, https:\/\/clunyportugal.com\/ppsjc\/wp-content\/uploads\/2020\/04\/nov4-285x214.png 285w, https:\/\/clunyportugal.com\/ppsjc\/wp-content\/uploads\/2020\/04\/nov4.png 1200w\" sizes=\"auto, (max-width: 1024px) 100vw, 1024px\" \/><\/figure><\/li><li class=\"blocks-gallery-item\"><figure><img loading=\"lazy\" decoding=\"async\" width=\"665\" height=\"888\" src=\"https:\/\/clunyportugal.com\/ppsjc\/wp-content\/uploads\/2020\/04\/nov5.png\" alt=\"\" data-id=\"810\" data-full-url=\"https:\/\/clunyportugal.com\/ppsjc\/wp-content\/uploads\/2020\/04\/nov5.png\" data-link=\"https:\/\/clunyportugal.com\/ppsjc\/formacao-em-s-jose-de-cluny\/nov5\/#main\" class=\"wp-image-810\" srcset=\"https:\/\/clunyportugal.com\/ppsjc\/wp-content\/uploads\/2020\/04\/nov5.png 665w, https:\/\/clunyportugal.com\/ppsjc\/wp-content\/uploads\/2020\/04\/nov5-225x300.png 225w\" sizes=\"auto, (max-width: 665px) 100vw, 665px\" \/><\/figure><\/li><li class=\"blocks-gallery-item\"><figure><img loading=\"lazy\" decoding=\"async\" width=\"1024\" height=\"573\" src=\"https:\/\/clunyportugal.com\/ppsjc\/wp-content\/uploads\/2020\/04\/nov6-1024x573.png\" alt=\"\" data-id=\"811\" data-full-url=\"https:\/\/clunyportugal.com\/ppsjc\/wp-content\/uploads\/2020\/04\/nov6.png\" data-link=\"https:\/\/clunyportugal.com\/ppsjc\/formacao-em-s-jose-de-cluny\/nov6\/#main\" class=\"wp-image-811\" srcset=\"https:\/\/clunyportugal.com\/ppsjc\/wp-content\/uploads\/2020\/04\/nov6-1024x573.png 1024w, https:\/\/clunyportugal.com\/ppsjc\/wp-content\/uploads\/2020\/04\/nov6-300x168.png 300w, https:\/\/clunyportugal.com\/ppsjc\/wp-content\/uploads\/2020\/04\/nov6-768x430.png 768w, https:\/\/clunyportugal.com\/ppsjc\/wp-content\/uploads\/2020\/04\/nov6.png 1175w\" sizes=\"auto, (max-width: 1024px) 100vw, 1024px\" \/><\/figure><\/li><li class=\"blocks-gallery-item\"><figure><img loading=\"lazy\" decoding=\"async\" width=\"1024\" height=\"768\" src=\"https:\/\/clunyportugal.com\/ppsjc\/wp-content\/uploads\/2020\/04\/nov7-1024x768.png\" alt=\"\" data-id=\"812\" data-full-url=\"https:\/\/clunyportugal.com\/ppsjc\/wp-content\/uploads\/2020\/04\/nov7.png\" data-link=\"https:\/\/clunyportugal.com\/ppsjc\/formacao-em-s-jose-de-cluny\/nov7\/#main\" class=\"wp-image-812\" srcset=\"https:\/\/clunyportugal.com\/ppsjc\/wp-content\/uploads\/2020\/04\/nov7-1024x768.png 1024w, https:\/\/clunyportugal.com\/ppsjc\/wp-content\/uploads\/2020\/04\/nov7-300x225.png 300w, https:\/\/clunyportugal.com\/ppsjc\/wp-content\/uploads\/2020\/04\/nov7-768x576.png 768w, https:\/\/clunyportugal.com\/ppsjc\/wp-content\/uploads\/2020\/04\/nov7-380x285.png 380w, https:\/\/clunyportugal.com\/ppsjc\/wp-content\/uploads\/2020\/04\/nov7-285x214.png 285w, https:\/\/clunyportugal.com\/ppsjc\/wp-content\/uploads\/2020\/04\/nov7.png 1200w\" sizes=\"auto, (max-width: 1024px) 100vw, 1024px\" \/><\/figure><\/li><\/ul><\/figure>\n\n\n\n<p>\u201cO Noviciado tem por fim estabelecer, antes de mais, as bases espirituais indispens\u00e1veis a cada Irm\u00e3, para que a sua vida religiosa fique verdadeiramente fundamentada em Deus, vivida por Ele e n\u2019Ele&#8230;<br><br>As Novi\u00e7as ser\u00e3o levadas progressivamente a compreender a import\u00e2ncia dos compromissos para os quais se preparam e a assumir pessoalmente tal<br>responsabilidade\u201d. (Const)<\/p>\n\n\n\n<p>Trata-se de um itiner\u00e1rio de progressiva assimila\u00e7\u00e3o dos sentimentos de Cristo para com o Pai&#8230; (V.C.n\u00ba65)&nbsp;<\/p>\n\n\n\n<p>O Noviciado dura 2 anos, podendo prolongar-se por mais 6 meses. As Novi\u00e7as s\u00e3o acompanhadas por uma Mestra que as orienta numa forma\u00e7\u00e3o de car\u00e1cter b\u00edblico, doutrinal, e humano que \u00e9 feita na casa do Noviciado.&nbsp;<br><br>Esta forma\u00e7\u00e3o \u00e9 apoiada por cursos a n\u00edvel de inter-noviciados e ainda com um pequeno est\u00e1gio numa comunidade religiosa. As Novi\u00e7as beneficiam de uma comunidade de forma\u00e7\u00e3o que as ajuda a dar passos significativos numa vida comunit\u00e1ria, onde o amor fraterno, o calor humano e a vida espiritual procuram ser uma prioridade.&nbsp;<\/p>\n\n\n\n<p><strong>3 &#8211; Profiss\u00e3o Tempor\u00e1ria<\/strong><\/p>\n\n\n\n<figure class=\"wp-block-gallery columns-2 is-cropped wp-block-gallery-3 is-layout-flex wp-block-gallery-is-layout-flex\"><ul class=\"blocks-gallery-grid\"><li class=\"blocks-gallery-item\"><figure><img loading=\"lazy\" decoding=\"async\" width=\"500\" height=\"667\" src=\"https:\/\/clunyportugal.com\/ppsjc\/wp-content\/uploads\/2020\/03\/fomacao_inicial_2.png\" alt=\"\" data-id=\"200\" data-full-url=\"https:\/\/clunyportugal.com\/ppsjc\/wp-content\/uploads\/2020\/03\/fomacao_inicial_2.png\" data-link=\"https:\/\/clunyportugal.com\/ppsjc\/fomacao_inicial_2\/\" class=\"wp-image-200\" srcset=\"https:\/\/clunyportugal.com\/ppsjc\/wp-content\/uploads\/2020\/03\/fomacao_inicial_2.png 500w, https:\/\/clunyportugal.com\/ppsjc\/wp-content\/uploads\/2020\/03\/fomacao_inicial_2-225x300.png 225w\" sizes=\"auto, (max-width: 500px) 100vw, 500px\" \/><\/figure><\/li><li class=\"blocks-gallery-item\"><figure><img loading=\"lazy\" decoding=\"async\" width=\"500\" height=\"375\" src=\"https:\/\/clunyportugal.com\/ppsjc\/wp-content\/uploads\/2020\/03\/fomacao_inicial_6.png\" alt=\"\" data-id=\"204\" data-full-url=\"https:\/\/clunyportugal.com\/ppsjc\/wp-content\/uploads\/2020\/03\/fomacao_inicial_6.png\" data-link=\"https:\/\/clunyportugal.com\/ppsjc\/fomacao_inicial_6\/\" class=\"wp-image-204\" srcset=\"https:\/\/clunyportugal.com\/ppsjc\/wp-content\/uploads\/2020\/03\/fomacao_inicial_6.png 500w, https:\/\/clunyportugal.com\/ppsjc\/wp-content\/uploads\/2020\/03\/fomacao_inicial_6-300x225.png 300w, https:\/\/clunyportugal.com\/ppsjc\/wp-content\/uploads\/2020\/03\/fomacao_inicial_6-380x285.png 380w, https:\/\/clunyportugal.com\/ppsjc\/wp-content\/uploads\/2020\/03\/fomacao_inicial_6-285x214.png 285w\" sizes=\"auto, (max-width: 500px) 100vw, 500px\" \/><\/figure><\/li><\/ul><\/figure>\n\n\n\n<p>Terminado o Noviciado, as Novi\u00e7as cuja vontade de se entregar ao Senhor se confirmou, ser\u00e3o admitidas a fazer Votos Tempor\u00e1rios de Obedi\u00eancia, Castidade e Pobreza. \u201cEstes compromissos emitidos no fim do Noviciado, s\u00e3o uma primeira resposta oficial ao chamamento de Deus, primeira etapa, em vista duma Consagra\u00e7\u00e3o definitiva\u201d. (Const. n\u00ba 223)<\/p>\n\n\n\n<p>A dura\u00e7\u00e3o dos Votos Tempor\u00e1rios \u00e9 normalmente de 6 anos, podendo ser prolongada, de tal modo que nunca ultrapasse 9 anos. Este per\u00edodo que decorre desde os primeiros Votos at\u00e9 \u00e0 Profiss\u00e3o Perp\u00e9tua denomina-se Juniorado e tem por fim preparar mais directamente as candidatas religiosas ao n\u00edvel humano e espiritual, para desempenharem a miss\u00e3o confiada pela Igreja \u00e0 Congrega\u00e7\u00e3o. As Juniores s\u00e3o membros das comunidades onde realizam a sua actividade apost\u00f3lica, profissional e comunit\u00e1ria, segundo a miss\u00e3o que lhes \u00e9 confiada.<\/p>\n\n\n\n<p><strong>4 &#8211; Profiss\u00e3o Perp\u00e9tua<\/strong><\/p>\n\n\n\n<figure class=\"wp-block-gallery columns-2 is-cropped wp-block-gallery-4 is-layout-flex wp-block-gallery-is-layout-flex\"><ul class=\"blocks-gallery-grid\"><li class=\"blocks-gallery-item\"><figure><img loading=\"lazy\" decoding=\"async\" width=\"500\" height=\"667\" src=\"https:\/\/clunyportugal.com\/ppsjc\/wp-content\/uploads\/2020\/03\/fomacao_inicial_2.png\" alt=\"\" data-id=\"200\" data-full-url=\"https:\/\/clunyportugal.com\/ppsjc\/wp-content\/uploads\/2020\/03\/fomacao_inicial_2.png\" data-link=\"https:\/\/clunyportugal.com\/ppsjc\/fomacao_inicial_2\/\" class=\"wp-image-200\" srcset=\"https:\/\/clunyportugal.com\/ppsjc\/wp-content\/uploads\/2020\/03\/fomacao_inicial_2.png 500w, https:\/\/clunyportugal.com\/ppsjc\/wp-content\/uploads\/2020\/03\/fomacao_inicial_2-225x300.png 225w\" sizes=\"auto, (max-width: 500px) 100vw, 500px\" \/><\/figure><\/li><li class=\"blocks-gallery-item\"><figure><img loading=\"lazy\" decoding=\"async\" width=\"500\" height=\"375\" src=\"https:\/\/clunyportugal.com\/ppsjc\/wp-content\/uploads\/2020\/03\/fomacao_inicial_3.png\" alt=\"\" data-id=\"201\" data-full-url=\"https:\/\/clunyportugal.com\/ppsjc\/wp-content\/uploads\/2020\/03\/fomacao_inicial_3.png\" data-link=\"https:\/\/clunyportugal.com\/ppsjc\/fomacao_inicial_3\/\" class=\"wp-image-201\" srcset=\"https:\/\/clunyportugal.com\/ppsjc\/wp-content\/uploads\/2020\/03\/fomacao_inicial_3.png 500w, https:\/\/clunyportugal.com\/ppsjc\/wp-content\/uploads\/2020\/03\/fomacao_inicial_3-300x225.png 300w, https:\/\/clunyportugal.com\/ppsjc\/wp-content\/uploads\/2020\/03\/fomacao_inicial_3-380x285.png 380w, https:\/\/clunyportugal.com\/ppsjc\/wp-content\/uploads\/2020\/03\/fomacao_inicial_3-285x214.png 285w\" sizes=\"auto, (max-width: 500px) 100vw, 500px\" \/><\/figure><\/li><li class=\"blocks-gallery-item\"><figure><img loading=\"lazy\" decoding=\"async\" width=\"500\" height=\"375\" src=\"https:\/\/clunyportugal.com\/ppsjc\/wp-content\/uploads\/2020\/03\/fomacao_inicial_4.png\" alt=\"\" data-id=\"202\" data-full-url=\"https:\/\/clunyportugal.com\/ppsjc\/wp-content\/uploads\/2020\/03\/fomacao_inicial_4.png\" data-link=\"https:\/\/clunyportugal.com\/ppsjc\/fomacao_inicial_4\/\" class=\"wp-image-202\" srcset=\"https:\/\/clunyportugal.com\/ppsjc\/wp-content\/uploads\/2020\/03\/fomacao_inicial_4.png 500w, https:\/\/clunyportugal.com\/ppsjc\/wp-content\/uploads\/2020\/03\/fomacao_inicial_4-300x225.png 300w, https:\/\/clunyportugal.com\/ppsjc\/wp-content\/uploads\/2020\/03\/fomacao_inicial_4-380x285.png 380w, https:\/\/clunyportugal.com\/ppsjc\/wp-content\/uploads\/2020\/03\/fomacao_inicial_4-285x214.png 285w\" sizes=\"auto, (max-width: 500px) 100vw, 500px\" \/><\/figure><\/li><\/ul><\/figure>\n\n\n\n<p>\u201cSeduzidas\u201d pelo amor gratuito do Pai que nos chama a ser Dele sem reservas, num desejo profundo de seguir Jesus Cristo pelo caminho das Bem aventuran\u00e7as, numa identifica\u00e7\u00e3o progressiva com o Carisma da Congrega\u00e7\u00e3o, \u00e9 o momento da Consagra\u00e7\u00e3o definitiva ao Senhor, feita de forma livre e consciente.<br><br>\u201cEu te desposarei para sempre&#8230;no amor&#8230;e na fidelidade\u201d (Os.2,21)<\/p>\n\n\n\n<p><strong>5 &#8211; Forma\u00e7\u00e3o Permanente<\/strong><\/p>\n\n\n\n<figure class=\"wp-block-gallery columns-3 is-cropped wp-block-gallery-5 is-layout-flex wp-block-gallery-is-layout-flex\"><ul class=\"blocks-gallery-grid\"><li class=\"blocks-gallery-item\"><figure><img loading=\"lazy\" decoding=\"async\" width=\"500\" height=\"375\" src=\"https:\/\/clunyportugal.com\/ppsjc\/wp-content\/uploads\/2020\/03\/formacao_permanente_1.png\" alt=\"\" data-id=\"206\" data-full-url=\"https:\/\/clunyportugal.com\/ppsjc\/wp-content\/uploads\/2020\/03\/formacao_permanente_1.png\" data-link=\"https:\/\/clunyportugal.com\/ppsjc\/formacao_permanente_1\/\" class=\"wp-image-206\" srcset=\"https:\/\/clunyportugal.com\/ppsjc\/wp-content\/uploads\/2020\/03\/formacao_permanente_1.png 500w, https:\/\/clunyportugal.com\/ppsjc\/wp-content\/uploads\/2020\/03\/formacao_permanente_1-300x225.png 300w, https:\/\/clunyportugal.com\/ppsjc\/wp-content\/uploads\/2020\/03\/formacao_permanente_1-380x285.png 380w, https:\/\/clunyportugal.com\/ppsjc\/wp-content\/uploads\/2020\/03\/formacao_permanente_1-285x214.png 285w\" sizes=\"auto, (max-width: 500px) 100vw, 500px\" \/><\/figure><\/li><li class=\"blocks-gallery-item\"><figure><img loading=\"lazy\" decoding=\"async\" width=\"500\" height=\"375\" src=\"https:\/\/clunyportugal.com\/ppsjc\/wp-content\/uploads\/2020\/03\/formacao_permanente_2.png\" alt=\"\" data-id=\"207\" data-full-url=\"https:\/\/clunyportugal.com\/ppsjc\/wp-content\/uploads\/2020\/03\/formacao_permanente_2.png\" data-link=\"https:\/\/clunyportugal.com\/ppsjc\/formacao_permanente_2\/\" class=\"wp-image-207\" srcset=\"https:\/\/clunyportugal.com\/ppsjc\/wp-content\/uploads\/2020\/03\/formacao_permanente_2.png 500w, https:\/\/clunyportugal.com\/ppsjc\/wp-content\/uploads\/2020\/03\/formacao_permanente_2-300x225.png 300w, https:\/\/clunyportugal.com\/ppsjc\/wp-content\/uploads\/2020\/03\/formacao_permanente_2-380x285.png 380w, https:\/\/clunyportugal.com\/ppsjc\/wp-content\/uploads\/2020\/03\/formacao_permanente_2-285x214.png 285w\" sizes=\"auto, (max-width: 500px) 100vw, 500px\" \/><\/figure><\/li><li class=\"blocks-gallery-item\"><figure><img loading=\"lazy\" decoding=\"async\" width=\"500\" height=\"375\" src=\"https:\/\/clunyportugal.com\/ppsjc\/wp-content\/uploads\/2020\/03\/formacao_permanente_3.png\" alt=\"\" data-id=\"208\" data-full-url=\"https:\/\/clunyportugal.com\/ppsjc\/wp-content\/uploads\/2020\/03\/formacao_permanente_3.png\" data-link=\"https:\/\/clunyportugal.com\/ppsjc\/formacao_permanente_3\/\" class=\"wp-image-208\" srcset=\"https:\/\/clunyportugal.com\/ppsjc\/wp-content\/uploads\/2020\/03\/formacao_permanente_3.png 500w, https:\/\/clunyportugal.com\/ppsjc\/wp-content\/uploads\/2020\/03\/formacao_permanente_3-300x225.png 300w, https:\/\/clunyportugal.com\/ppsjc\/wp-content\/uploads\/2020\/03\/formacao_permanente_3-380x285.png 380w, https:\/\/clunyportugal.com\/ppsjc\/wp-content\/uploads\/2020\/03\/formacao_permanente_3-285x214.png 285w\" sizes=\"auto, (max-width: 500px) 100vw, 500px\" \/><\/figure><\/li><li class=\"blocks-gallery-item\"><figure><img loading=\"lazy\" decoding=\"async\" width=\"500\" height=\"375\" src=\"https:\/\/clunyportugal.com\/ppsjc\/wp-content\/uploads\/2020\/03\/formacao_permanente_4.png\" alt=\"\" data-id=\"209\" data-full-url=\"https:\/\/clunyportugal.com\/ppsjc\/wp-content\/uploads\/2020\/03\/formacao_permanente_4.png\" data-link=\"https:\/\/clunyportugal.com\/ppsjc\/formacao_permanente_4\/\" class=\"wp-image-209\" srcset=\"https:\/\/clunyportugal.com\/ppsjc\/wp-content\/uploads\/2020\/03\/formacao_permanente_4.png 500w, https:\/\/clunyportugal.com\/ppsjc\/wp-content\/uploads\/2020\/03\/formacao_permanente_4-300x225.png 300w, https:\/\/clunyportugal.com\/ppsjc\/wp-content\/uploads\/2020\/03\/formacao_permanente_4-380x285.png 380w, https:\/\/clunyportugal.com\/ppsjc\/wp-content\/uploads\/2020\/03\/formacao_permanente_4-285x214.png 285w\" sizes=\"auto, (max-width: 500px) 100vw, 500px\" \/><\/figure><\/li><\/ul><\/figure>\n\n\n\n<p>Mas a forma\u00e7\u00e3o n\u00e3o termina aqui!<br>Ao longo de toda a sua vida, a religiosa de S. Jos\u00e9 de Cluny \u00e9 convidada \u00e0 sua auto-forma\u00e7\u00e3o \u201c&#8230;a forma\u00e7\u00e3o permanente faz parte das exig\u00eancias da Consagra\u00e7\u00e3o religiosa&#8230; ela deve consolidar a forma\u00e7\u00e3o inicial, predispondo a pessoa a deixar-se formar ao longo de toda a sua vida\u201d. (V.F.n\u00ba69)<\/p>\n","protected":false},"excerpt":{"rendered":"<p>\u201cDeus Pai \u00e9 o formador por excel\u00eancia&#8230; a forma\u00e7\u00e3o \u00e9 a participa\u00e7\u00e3o na ac\u00e7\u00e3o do Pai que, atrav\u00e9s do esp\u00edrito, plasma no cora\u00e7\u00e3o dos jovens e das jovens os sentimentos do Filho\u201d (V.C. 66)Jesus de Nazar\u00e9 Objectivos da Forma\u00e7\u00e3o Inicial &#8211; Ajudar a jovem a fazer o discernimento do apelo do Senhor sobre si pr\u00f3pria, [&hellip;]<\/p>\n<p class=\"more-link\"><a href=\"https:\/\/clunyportugal.com\/ppsjc\/formacao-em-s-jose-de-cluny\/\"  class=\"themebutton\">Read More<\/a><\/p>\n","protected":false},"author":1,"featured_media":211,"parent":0,"menu_order":0,"comment_status":"closed","ping_status":"closed","template":"","meta":{"footnotes":""},"categories":[10],"tags":[],"class_list":["post-198","page","type-page","status-publish","has-post-thumbnail","hentry","category-formacao"],"_links":{"self":[{"href":"https:\/\/clunyportugal.com\/ppsjc\/wp-json\/wp\/v2\/pages\/198","targetHints":{"allow":["GET"]}}],"collection":[{"href":"https:\/\/clunyportugal.com\/ppsjc\/wp-json\/wp\/v2\/pages"}],"about":[{"href":"https:\/\/clunyportugal.com\/ppsjc\/wp-json\/wp\/v2\/types\/page"}],"author":[{"embeddable":true,"href":"https:\/\/clunyportugal.com\/ppsjc\/wp-json\/wp\/v2\/users\/1"}],"replies":[{"embeddable":true,"href":"https:\/\/clunyportugal.com\/ppsjc\/wp-json\/wp\/v2\/comments?post=198"}],"version-history":[{"count":6,"href":"https:\/\/clunyportugal.com\/ppsjc\/wp-json\/wp\/v2\/pages\/198\/revisions"}],"predecessor-version":[{"id":874,"href":"https:\/\/clunyportugal.com\/ppsjc\/wp-json\/wp\/v2\/pages\/198\/revisions\/874"}],"wp:featuredmedia":[{"embeddable":true,"href":"https:\/\/clunyportugal.com\/ppsjc\/wp-json\/wp\/v2\/media\/211"}],"wp:attachment":[{"href":"https:\/\/clunyportugal.com\/ppsjc\/wp-json\/wp\/v2\/media?parent=198"}],"wp:term":[{"taxonomy":"category","embeddable":true,"href":"https:\/\/clunyportugal.com\/ppsjc\/wp-json\/wp\/v2\/categories?post=198"},{"taxonomy":"post_tag","embeddable":true,"href":"https:\/\/clunyportugal.com\/ppsjc\/wp-json\/wp\/v2\/tags?post=198"}],"curies":[{"name":"wp","href":"https:\/\/api.w.org\/{rel}","templated":true}]}}