{"id":133,"date":"2020-03-01T19:13:10","date_gmt":"2020-03-01T19:13:10","guid":{"rendered":"https:\/\/clunyportugal.com\/ppsjc\/?page_id=133"},"modified":"2025-03-18T19:42:10","modified_gmt":"2025-03-18T19:42:10","slug":"abrigo-do-menino-jesus","status":"publish","type":"page","link":"https:\/\/clunyportugal.com\/ppsjc\/abrigo-do-menino-jesus\/","title":{"rendered":"Abrigo do Menino Jesus"},"content":{"rendered":"\n<p class=\"has-medium-font-size\"><strong><strong>Comunidade Nossa Senhora do Ros\u00e1rio&nbsp;<\/strong><\/strong><\/p>\n\n\n\n<p>Rua de S. Jos\u00e9, n\u00ba12<br>2350-525 TORRES NOVAS<br>Tel: 249 839 180<br><strong>E-mail:&nbsp;<\/strong><a href=\"mailto:cluny.torres@gmail.com\">cluny.torres@gmail.com<\/a><\/p>\n\n\n\n<p class=\"has-medium-font-size\"><strong>Abrigo do Menino Jesus<\/strong><\/p>\n\n\n\n<p>Rua de S. Jos\u00e9, n\u00ba12<br>2350-525 TORRES NOVAS<br>Tel: 249 839 180<br><strong>E-mail:&nbsp;<\/strong><a href=\"mailto:cluny.torres@gmail.com\">cluny.torres@gmail.com<\/a><\/p>\n\n\n\n<p><\/p>\n\n\n\n<figure class=\"wp-block-image size-large is-resized\"><img loading=\"lazy\" decoding=\"async\" width=\"500\" height=\"375\" src=\"https:\/\/clunyportugal.com\/ppsjc\/wp-content\/uploads\/2020\/03\/casa_torres_novas.png\" alt=\"\" class=\"wp-image-134\" style=\"width:580px;height:435px\" srcset=\"https:\/\/clunyportugal.com\/ppsjc\/wp-content\/uploads\/2020\/03\/casa_torres_novas.png 500w, https:\/\/clunyportugal.com\/ppsjc\/wp-content\/uploads\/2020\/03\/casa_torres_novas-300x225.png 300w, https:\/\/clunyportugal.com\/ppsjc\/wp-content\/uploads\/2020\/03\/casa_torres_novas-380x285.png 380w, https:\/\/clunyportugal.com\/ppsjc\/wp-content\/uploads\/2020\/03\/casa_torres_novas-285x214.png 285w\" sizes=\"auto, (max-width: 500px) 100vw, 500px\" \/><figcaption class=\"wp-element-caption\">Abrigo do Menino Jesus<\/figcaption><\/figure>\n\n\n\n<p>At\u00e9 1926 esta cidade esteve inserida na Diocese do Patriarcado de Lisboa. A partir desta data, Santar\u00e9m forma uma outra diocese e a ela pertencemos. Primeiro com o Col\u00e9gio de Santa Maria, hoje, no mesmo edif\u00edcio que sofreu grande remodela\u00e7\u00e3o, a Casa de S. Jos\u00e9 de Cluny. N\u00e3o foi uma ruptura, simplesmente uma nova forma de presen\u00e7a na diocese e na cidade.<br><br>A 3 de Outubro de 2000, \u00e0 entrada do nosso port\u00e3o, o Senhor Presidente da C\u00e2mara colocava uma placa comemorativa &#8220;Mem\u00f3ria da Hist\u00f3ria&#8221; alusiva ao que representava esta casa para Torres Novas.<br><br>A nossa Miss\u00e3o, hoje:<br>&#8211; Acolhimento \u00e0s Irm\u00e3s idosas \u2013 Comunidade residente<br>&#8211; Acolhimento de grupos para Retiros Espirituais e Sess\u00f5es de Forma\u00e7\u00e3o<br>&#8211; Actividades Paroquiais: Catequese da parte alta da cidade; Anima\u00e7\u00e3o lit\u00fargica; Ministros da Comunh\u00e3o<br>&#8211; Uma Institui\u00e7\u00e3o Particular de Solidariedade Social \u2013 O Abrigo do Menino Jesus (dependente da Comunidade, mas a funcionar em edif\u00edcio anexo).<br><br>1. A Casa de S. Jos\u00e9 de Cluny tem boas instala\u00e7\u00f5es e capacidade para acolher grupos: quartos individuais com casa de banho privativa, uma sala grande de confer\u00eancias, duas pequenas salas, a Capela grande da casa e outra pequenina para a ora\u00e7\u00e3o pessoal ou pequenos grupos. No exterior, um espa\u00e7o verde permite a contempla\u00e7\u00e3o com a natureza.<\/p>\n\n\n\n<p>&#8211; Temos como prioridade a resposta aos Retiros e Sess\u00f5es da Congrega\u00e7\u00e3o<br>&#8211; Continuamos a atender outros pedidos, a n\u00edvel de diocese, nacional ou da Congrega\u00e7\u00e3o.<\/p>\n\n\n\n<p>2. O Abrigo do Menino Jesus foi fundado h\u00e1 mais de 60 anos pela Senhora Dra. Maria Em\u00edlia de Castilho Rodrigues, que consagrou a esta Obra todos os seus bens, tempo e amor. Com a falta de recursos para continuar, pediu \u00e0 Congrega\u00e7\u00e3o de S. Jos\u00e9 de Cluny para a assumir, o que aconteceu nos anos 50. No edif\u00edcio anexo \u00e0 Casa de S. Jos\u00e9 de Cluny e igualmente propriedade da Congrega\u00e7\u00e3o, a\u00ed funcionam duas val\u00eancias para crian\u00e7as: Creche e Pr\u00e9-Escolar.<br><br>A nossa Capela, funciona como Centro de Culto, semi-p\u00fablico, com a Eucaristia dominical e em dias festivos muito participada pelos crist\u00e3os da cidade e arredores. Durante a semana, tamb\u00e9m h\u00e1 um grupo que n\u00e3o falta.<br><br>As Irm\u00e3s, na medida do poss\u00edvel, participam na Pastoral da Par\u00f3quia, nomeadamente na Catequese, cedendo parte das nossas instala\u00e7\u00f5es, visitas a doentes e pessoas isoladas, etc.<br><\/p>\n","protected":false},"excerpt":{"rendered":"<p>Comunidade Nossa Senhora do Ros\u00e1rio&nbsp; Rua de S. Jos\u00e9, n\u00ba122350-525 TORRES NOVASTel: 249 839 180E-mail:&nbsp;cluny.torres@gmail.com Abrigo do Menino Jesus Rua de S. Jos\u00e9, n\u00ba122350-525 TORRES NOVASTel: 249 839 180E-mail:&nbsp;cluny.torres@gmail.com At\u00e9 1926 esta cidade esteve inserida na Diocese do Patriarcado de Lisboa. A partir desta data, Santar\u00e9m forma uma outra diocese e a ela pertencemos. Primeiro [&hellip;]<\/p>\n<p class=\"more-link\"><a href=\"https:\/\/clunyportugal.com\/ppsjc\/abrigo-do-menino-jesus\/\"  class=\"themebutton\">Read More<\/a><\/p>\n","protected":false},"author":1,"featured_media":134,"parent":0,"menu_order":0,"comment_status":"closed","ping_status":"closed","template":"","meta":{"footnotes":""},"categories":[7],"tags":[],"class_list":["post-133","page","type-page","status-publish","has-post-thumbnail","hentry","category-portugal"],"_links":{"self":[{"href":"https:\/\/clunyportugal.com\/ppsjc\/wp-json\/wp\/v2\/pages\/133","targetHints":{"allow":["GET"]}}],"collection":[{"href":"https:\/\/clunyportugal.com\/ppsjc\/wp-json\/wp\/v2\/pages"}],"about":[{"href":"https:\/\/clunyportugal.com\/ppsjc\/wp-json\/wp\/v2\/types\/page"}],"author":[{"embeddable":true,"href":"https:\/\/clunyportugal.com\/ppsjc\/wp-json\/wp\/v2\/users\/1"}],"replies":[{"embeddable":true,"href":"https:\/\/clunyportugal.com\/ppsjc\/wp-json\/wp\/v2\/comments?post=133"}],"version-history":[{"count":7,"href":"https:\/\/clunyportugal.com\/ppsjc\/wp-json\/wp\/v2\/pages\/133\/revisions"}],"predecessor-version":[{"id":2144,"href":"https:\/\/clunyportugal.com\/ppsjc\/wp-json\/wp\/v2\/pages\/133\/revisions\/2144"}],"wp:featuredmedia":[{"embeddable":true,"href":"https:\/\/clunyportugal.com\/ppsjc\/wp-json\/wp\/v2\/media\/134"}],"wp:attachment":[{"href":"https:\/\/clunyportugal.com\/ppsjc\/wp-json\/wp\/v2\/media?parent=133"}],"wp:term":[{"taxonomy":"category","embeddable":true,"href":"https:\/\/clunyportugal.com\/ppsjc\/wp-json\/wp\/v2\/categories?post=133"},{"taxonomy":"post_tag","embeddable":true,"href":"https:\/\/clunyportugal.com\/ppsjc\/wp-json\/wp\/v2\/tags?post=133"}],"curies":[{"name":"wp","href":"https:\/\/api.w.org\/{rel}","templated":true}]}}