{"id":130,"date":"2020-03-01T19:11:26","date_gmt":"2020-03-01T19:11:26","guid":{"rendered":"https:\/\/clunyportugal.com\/ppsjc\/?page_id=130"},"modified":"2020-05-01T10:01:07","modified_gmt":"2020-05-01T10:01:07","slug":"fundacao-d-jacinta-ornelas-pereira","status":"publish","type":"page","link":"https:\/\/clunyportugal.com\/ppsjc\/fundacao-d-jacinta-ornelas-pereira\/","title":{"rendered":"Funda\u00e7\u00e3o D. Jacinta Ornelas Pereira"},"content":{"rendered":"\n<p class=\"has-medium-font-size\"><strong>Comunidade Cora\u00e7\u00e3o de Jesus&nbsp;<\/strong><\/p>\n\n\n\n<p>Rua Capit\u00e3o Armando Pinto Correia, n\u00ba 37<br>9325 \u2013 023 ESTREITO DE C\u00c2MARA DE LOBOS<br>Tel: 291 945 475<br><strong>E-mail:\u00a0<\/strong><a href=\"mailto:estreitocoracaodejesus@gmail.com\">estreitocoracaodejesus@gmail.com<\/a><\/p>\n\n\n\n<p class=\"has-medium-font-size\"><strong>Funda\u00e7\u00e3o D. Jacinta Ornelas Pereira<\/strong><\/p>\n\n\n\n<p>Rua Capit\u00e3o Armando Pinto Correia, n\u00ba 37<br>9325 \u2013 023 ESTREITO DE C\u00c2MARA DE LOBOS<br>Tel: 291 945 475<br><strong>Email:<\/strong> <a href=\"mailto:fundacao@madeira.educ.pt\">fundacao@madeira.educ.pt<\/a><\/p>\n\n\n\n<figure class=\"wp-block-image size-large\"><img loading=\"lazy\" decoding=\"async\" width=\"991\" height=\"724\" src=\"https:\/\/clunyportugal.com\/ppsjc\/wp-content\/uploads\/2020\/03\/fundacao.png\" alt=\"\" class=\"wp-image-131\" srcset=\"https:\/\/clunyportugal.com\/ppsjc\/wp-content\/uploads\/2020\/03\/fundacao.png 991w, https:\/\/clunyportugal.com\/ppsjc\/wp-content\/uploads\/2020\/03\/fundacao-300x219.png 300w, https:\/\/clunyportugal.com\/ppsjc\/wp-content\/uploads\/2020\/03\/fundacao-768x561.png 768w\" sizes=\"auto, (max-width: 991px) 100vw, 991px\" \/><figcaption>Funda\u00e7\u00e3o D. Jacinta Ornelas Pereira<\/figcaption><\/figure>\n\n\n\n<p>Somos uma Comunidade de Irm\u00e3s ao servi\u00e7o da Funda\u00e7\u00e3o Dona Jacinta de Ornelas Pereira, situada no Estreito de C\u00e2mara de Lobos. Foi seu fundador o senhor Dr. Ant\u00f3nio Jos\u00e9 Pereira dos Reis em homenagem \u00e0 sua M\u00e3e Dona Jacinta, filha da terra, e com o objectivo de acolher crian\u00e7as das fam\u00edlias mais desprotegidas da freguesia.<\/p>\n\n\n\n<p>As Irm\u00e3s de S. Jos\u00e9 de Cluny a\u00ed chegaram em 1986.<br>A Funda\u00e7\u00e3o \u00e9 uma Institui\u00e7\u00e3o Particular de Solidariedade Social, actualmente com as val\u00eancias de Creche e Pr\u00e9-Escolar.<\/p>\n\n\n\n<p>Para al\u00e9m do trabalho na Funda\u00e7\u00e3o, as Irm\u00e3s dedicam-se \u00e0 Pastoral Paroquial.<\/p>\n\n\n\n<p>Uma Irm\u00e3 \u00e9 respons\u00e1vel pela coordena\u00e7\u00e3o da Catequese de crian\u00e7as (com mais de mil crian\u00e7as). Fazemos encontros com adolescentes e jovens, levamos a Sagrada Comunh\u00e3o aos doentes, e temos outras actividades na par\u00f3quia.<\/p>\n\n\n\n<p><strong>Socio-Caritativo:&nbsp;<\/strong><br>Recebemos muitas ofertas em roupas e alimenta\u00e7\u00e3o, que repartimos com algumas fam\u00edlias mais carenciadas .<br><\/p>\n\n\n\n<p>Nos fins de semana, quando poss\u00edvel, fazemos visitas a doentes e outras pessoas necessitadas.<br><br>Resta-nos dizer; &#8220;A messe \u00e9 grande&#8230;&#8221;, mas \u00e9 com muita alegria que vamos lan\u00e7ando a semente do Reino entre pequeninos e grandes.<\/p>\n","protected":false},"excerpt":{"rendered":"<p>Comunidade Cora\u00e7\u00e3o de Jesus&nbsp; Rua Capit\u00e3o Armando Pinto Correia, n\u00ba 379325 \u2013 023 ESTREITO DE C\u00c2MARA DE LOBOSTel: 291 945 475E-mail:\u00a0estreitocoracaodejesus@gmail.com Funda\u00e7\u00e3o D. Jacinta Ornelas Pereira Rua Capit\u00e3o Armando Pinto Correia, n\u00ba 379325 \u2013 023 ESTREITO DE C\u00c2MARA DE LOBOSTel: 291 945 475Email: fundacao@madeira.educ.pt Somos uma Comunidade de Irm\u00e3s ao servi\u00e7o da Funda\u00e7\u00e3o Dona Jacinta [&hellip;]<\/p>\n<p class=\"more-link\"><a href=\"https:\/\/clunyportugal.com\/ppsjc\/fundacao-d-jacinta-ornelas-pereira\/\"  class=\"themebutton\">Read More<\/a><\/p>\n","protected":false},"author":1,"featured_media":131,"parent":0,"menu_order":0,"comment_status":"closed","ping_status":"closed","template":"","meta":{"footnotes":""},"categories":[7],"tags":[],"class_list":["post-130","page","type-page","status-publish","has-post-thumbnail","hentry","category-portugal"],"_links":{"self":[{"href":"https:\/\/clunyportugal.com\/ppsjc\/wp-json\/wp\/v2\/pages\/130","targetHints":{"allow":["GET"]}}],"collection":[{"href":"https:\/\/clunyportugal.com\/ppsjc\/wp-json\/wp\/v2\/pages"}],"about":[{"href":"https:\/\/clunyportugal.com\/ppsjc\/wp-json\/wp\/v2\/types\/page"}],"author":[{"embeddable":true,"href":"https:\/\/clunyportugal.com\/ppsjc\/wp-json\/wp\/v2\/users\/1"}],"replies":[{"embeddable":true,"href":"https:\/\/clunyportugal.com\/ppsjc\/wp-json\/wp\/v2\/comments?post=130"}],"version-history":[{"count":3,"href":"https:\/\/clunyportugal.com\/ppsjc\/wp-json\/wp\/v2\/pages\/130\/revisions"}],"predecessor-version":[{"id":1043,"href":"https:\/\/clunyportugal.com\/ppsjc\/wp-json\/wp\/v2\/pages\/130\/revisions\/1043"}],"wp:featuredmedia":[{"embeddable":true,"href":"https:\/\/clunyportugal.com\/ppsjc\/wp-json\/wp\/v2\/media\/131"}],"wp:attachment":[{"href":"https:\/\/clunyportugal.com\/ppsjc\/wp-json\/wp\/v2\/media?parent=130"}],"wp:term":[{"taxonomy":"category","embeddable":true,"href":"https:\/\/clunyportugal.com\/ppsjc\/wp-json\/wp\/v2\/categories?post=130"},{"taxonomy":"post_tag","embeddable":true,"href":"https:\/\/clunyportugal.com\/ppsjc\/wp-json\/wp\/v2\/tags?post=130"}],"curies":[{"name":"wp","href":"https:\/\/api.w.org\/{rel}","templated":true}]}}