{"id":123,"date":"2020-03-01T19:02:56","date_gmt":"2020-03-01T19:02:56","guid":{"rendered":"https:\/\/clunyportugal.com\/ppsjc\/?page_id=123"},"modified":"2020-05-01T09:59:26","modified_gmt":"2020-05-01T09:59:26","slug":"colegio-de-s-francisco-xavier","status":"publish","type":"page","link":"https:\/\/clunyportugal.com\/ppsjc\/colegio-de-s-francisco-xavier\/","title":{"rendered":"Col\u00e9gio de S. Francisco Xavier"},"content":{"rendered":"\n<p class=\"has-medium-font-size\"><strong>Comunidade S. Francisco Xavier&nbsp;<\/strong><\/p>\n\n\n\n<p>Rua Agostinho Pacheco<br>9500 \u2013 015 PONTA DELGADA<br>Tel: 296 205 200 Fax: 296 205 209<br><strong>E-mail:\u00a0<\/strong><a rel=\"noreferrer noopener\" href=\"mailto:comunxavier@gmail.com\" target=\"_blank\">comunxavier@gmail.com<\/a><\/p>\n\n\n\n<p class=\"has-medium-font-size\"><strong>Col\u00e9gio de S. Francisco Xavier<\/strong><\/p>\n\n\n\n<p>Rua Agostinho Pacheco<br>9500 \u2013 015 PONTA DELGADA<br>Tel: 296 205 200 Fax: 296 205 209<br>E-Mail:\u00a0<a href=\"mailto:info@colegiosfxavier.com\">info@colegiosfxavier.com<\/a><\/p>\n\n\n\n<p><a rel=\"noreferrer noopener\" aria-label=\"Site pr\u00f3prio (abre num novo separador)\" href=\"http:\/\/www.colegiosfxavier.com\" target=\"_blank\">Site pr\u00f3prio<\/a><\/p>\n\n\n\n<figure class=\"wp-block-image size-large\"><img loading=\"lazy\" decoding=\"async\" width=\"800\" height=\"445\" src=\"https:\/\/clunyportugal.com\/ppsjc\/wp-content\/uploads\/2020\/03\/colegio-sao-francisco-xavier-2-800x445-1.jpg\" alt=\"\" class=\"wp-image-125\" srcset=\"https:\/\/clunyportugal.com\/ppsjc\/wp-content\/uploads\/2020\/03\/colegio-sao-francisco-xavier-2-800x445-1.jpg 800w, https:\/\/clunyportugal.com\/ppsjc\/wp-content\/uploads\/2020\/03\/colegio-sao-francisco-xavier-2-800x445-1-300x167.jpg 300w, https:\/\/clunyportugal.com\/ppsjc\/wp-content\/uploads\/2020\/03\/colegio-sao-francisco-xavier-2-800x445-1-768x427.jpg 768w\" sizes=\"auto, (max-width: 800px) 100vw, 800px\" \/><figcaption>Col\u00e9gio de S. Francisco Xavier<\/figcaption><\/figure>\n\n\n\n<p>As Irm\u00e3s de S. Jos\u00e9 de Cluny j\u00e1 celebraram os 100 anos de presen\u00e7a em S. Miguel, ao servi\u00e7o da Educa\u00e7\u00e3o. Efectivamente chegaram a\u00ed em 1893, e depois da interrup\u00e7\u00e3o imposta na \u00e9poca, retomaram em 1932.<\/p>\n\n\n\n<p>Depois de utilizarem outros edif\u00edcios para Col\u00e9gio, a Prov\u00edncia Portuguesa mandou construir o actual Col\u00e9gio de S. Francisco Xavier, sob a orienta\u00e7\u00e3o da Superiora de ent\u00e3o, Sr Paul Delatte, por onde passaram largas gera\u00e7\u00f5es de fam\u00edlias a\u00e7orianas, a quem as Irm\u00e3s procuraram educar, para os valores humano-crist\u00e3o e segundo uma pedagogia inerente ao Carisma da Congrega\u00e7\u00e3o.<br><br>No momento actual, o Col\u00e9gio tem alunos do Ensino Pr\u00e9-Escolar e do 1\u00ba Ciclo.<br><br>As Irm\u00e3s trabalham em colabora\u00e7\u00e3o com muito pessoal leigo, docente e n\u00e3o docente. Esfor\u00e7amo-nos para que as crian\u00e7as adquiram os conhecimentos e conte\u00fados propostos pelo Minist\u00e9rio da Educa\u00e7\u00e3o servindo-nos das novas pedagogias e tecnologias. Incentivamo-las a crescer como cidad\u00e3os e a empenharem-se na transforma\u00e7\u00e3o humana do mundo, \u00e0 sua escala, tornando-o mais habit\u00e1vel.<br><br>A vertente religiosa \u00e9 privilegiada. Sobretudo nas aulas de Educa\u00e7\u00e3o Moral e Religiosa Cat\u00f3lica, propomos os valores humanos, morais e religiosos para que as crian\u00e7as os interiorizem e, \u00e0 sua medida, os ponham j\u00e1 em pr\u00e1tica. Ao longo do ano s\u00e3o v\u00e1rias as celebra\u00e7\u00f5es lit\u00fargicas vividas no Col\u00e9gio, em que os alunos participam activamente. Damos catequese e preparamos para a Primeira Comunh\u00e3o e, por vezes, para o Baptismo.<br><br>Para que a forma\u00e7\u00e3o integral aconte\u00e7a, propomos v\u00e1rias actividades culturais e art\u00edsticas: patinagem, xadrez, dan\u00e7a, m\u00fasica, grupo coral, computadores, biblioteca, etc.&nbsp;<br><br>A comunidade pela ac\u00e7\u00e3o de algumas Irm\u00e3s orienta um Grupo de Jovens: Com regularidade re\u00fane-se um grupo de jovens com idades compreendidas entre os 15 e os 22 anos. Reflectem sobre temas actuais que preocupam o mundo e a juventude. Fazem visitas a estabelecimentos de idosos e crian\u00e7as em institui\u00e7\u00f5es, levando-lhes alegria, palavras amigas e gestos concretos de fraternidade.<br><br>Aos fins de semana, duas Irm\u00e3s est\u00e3o ao servi\u00e7o da Pastoral da Sa\u00fade, levando a Comunh\u00e3o e fazendo visitas aos doentes no Hospital da cidade e nas suas casas.<br><br>Colaboramos com a Par\u00f3quia, na medida das nossas possibilidades.<br>Anima-nos, na nossa ac\u00e7\u00e3o evangelizadora, o sentido de perten\u00e7a \u00e0 Congrega\u00e7\u00e3o, em Igreja, que n\u00e3o tem fronteiras.<\/p>\n","protected":false},"excerpt":{"rendered":"<p>Comunidade S. Francisco Xavier&nbsp; Rua Agostinho Pacheco9500 \u2013 015 PONTA DELGADATel: 296 205 200 Fax: 296 205 209E-mail:\u00a0comunxavier@gmail.com Col\u00e9gio de S. Francisco Xavier Rua Agostinho Pacheco9500 \u2013 015 PONTA DELGADATel: 296 205 200 Fax: 296 205 209E-Mail:\u00a0info@colegiosfxavier.com Site pr\u00f3prio As Irm\u00e3s de S. Jos\u00e9 de Cluny j\u00e1 celebraram os 100 anos de presen\u00e7a em S. [&hellip;]<\/p>\n<p class=\"more-link\"><a href=\"https:\/\/clunyportugal.com\/ppsjc\/colegio-de-s-francisco-xavier\/\"  class=\"themebutton\">Read More<\/a><\/p>\n","protected":false},"author":1,"featured_media":124,"parent":0,"menu_order":0,"comment_status":"closed","ping_status":"closed","template":"","meta":{"footnotes":""},"categories":[7],"tags":[],"class_list":["post-123","page","type-page","status-publish","has-post-thumbnail","hentry","category-portugal"],"_links":{"self":[{"href":"https:\/\/clunyportugal.com\/ppsjc\/wp-json\/wp\/v2\/pages\/123","targetHints":{"allow":["GET"]}}],"collection":[{"href":"https:\/\/clunyportugal.com\/ppsjc\/wp-json\/wp\/v2\/pages"}],"about":[{"href":"https:\/\/clunyportugal.com\/ppsjc\/wp-json\/wp\/v2\/types\/page"}],"author":[{"embeddable":true,"href":"https:\/\/clunyportugal.com\/ppsjc\/wp-json\/wp\/v2\/users\/1"}],"replies":[{"embeddable":true,"href":"https:\/\/clunyportugal.com\/ppsjc\/wp-json\/wp\/v2\/comments?post=123"}],"version-history":[{"count":3,"href":"https:\/\/clunyportugal.com\/ppsjc\/wp-json\/wp\/v2\/pages\/123\/revisions"}],"predecessor-version":[{"id":1042,"href":"https:\/\/clunyportugal.com\/ppsjc\/wp-json\/wp\/v2\/pages\/123\/revisions\/1042"}],"wp:featuredmedia":[{"embeddable":true,"href":"https:\/\/clunyportugal.com\/ppsjc\/wp-json\/wp\/v2\/media\/124"}],"wp:attachment":[{"href":"https:\/\/clunyportugal.com\/ppsjc\/wp-json\/wp\/v2\/media?parent=123"}],"wp:term":[{"taxonomy":"category","embeddable":true,"href":"https:\/\/clunyportugal.com\/ppsjc\/wp-json\/wp\/v2\/categories?post=123"},{"taxonomy":"post_tag","embeddable":true,"href":"https:\/\/clunyportugal.com\/ppsjc\/wp-json\/wp\/v2\/tags?post=123"}],"curies":[{"name":"wp","href":"https:\/\/api.w.org\/{rel}","templated":true}]}}